{"id":1331,"date":"2025-09-09T19:27:14","date_gmt":"2025-09-09T17:27:14","guid":{"rendered":"https:\/\/evernox.hu\/?page_id=1331"},"modified":"2026-05-04T17:59:26","modified_gmt":"2026-05-04T15:59:26","slug":"cikkek","status":"publish","type":"page","link":"https:\/\/elektro-kamleithner.hu\/en\/hirek-media\/cikkek\/","title":{"rendered":"Cikkek"},"content":{"rendered":"<div data-elementor-type=\"wp-page\" data-elementor-id=\"1331\" class=\"elementor elementor-1331\" data-elementor-post-type=\"page\">\n\t\t\t\t<div class=\"elementor-element elementor-element-940d8bc e-flex e-con-boxed e-con e-parent\" data-id=\"940d8bc\" data-element_type=\"container\" data-e-type=\"container\">\n\t\t\t\t\t<div class=\"e-con-inner\">\n\t\t\t\t<div class=\"elementor-element elementor-element-3557e7b elementor-grid-2 elementor-grid-tablet-2 elementor-grid-mobile-1 elementor-posts--thumbnail-top elementor-widget elementor-widget-posts\" data-id=\"3557e7b\" data-element_type=\"widget\" data-e-type=\"widget\" data-settings=\"{&quot;classic_columns&quot;:&quot;2&quot;,&quot;pagination_type&quot;:&quot;numbers_and_prev_next&quot;,&quot;classic_columns_tablet&quot;:&quot;2&quot;,&quot;classic_columns_mobile&quot;:&quot;1&quot;,&quot;classic_row_gap&quot;:{&quot;unit&quot;:&quot;px&quot;,&quot;size&quot;:35,&quot;sizes&quot;:[]},&quot;classic_row_gap_tablet&quot;:{&quot;unit&quot;:&quot;px&quot;,&quot;size&quot;:&quot;&quot;,&quot;sizes&quot;:[]},&quot;classic_row_gap_mobile&quot;:{&quot;unit&quot;:&quot;px&quot;,&quot;size&quot;:&quot;&quot;,&quot;sizes&quot;:[]}}\" data-widget_type=\"posts.classic\">\n\t\t\t\t<div class=\"elementor-widget-container\">\n\t\t\t\t\t\t\t<div class=\"elementor-posts-container elementor-posts elementor-posts--skin-classic elementor-grid\" role=\"list\">\n\t\t\t\t<article class=\"elementor-post elementor-grid-item post-10510 post type-post status-publish format-standard has-post-thumbnail hentry category-blog category-referenciaink\" role=\"listitem\">\n\t\t\t\t<a class=\"elementor-post__thumbnail__link\" href=\"https:\/\/elektro-kamleithner.hu\/en\/the-st-regis-hotel-budapest\/\" tabindex=\"-1\" >\n\t\t\t<div class=\"elementor-post__thumbnail\"><img fetchpriority=\"high\" decoding=\"async\" width=\"1200\" height=\"628\" src=\"https:\/\/elektro-kamleithner.hu\/wp-content\/uploads\/2026\/09\/Klotild-1200x628px.jpg\" class=\"attachment-full size-full wp-image-10524\" alt=\"Klotild 1200x628px\" srcset=\"https:\/\/elektro-kamleithner.hu\/wp-content\/uploads\/2026\/09\/Klotild-1200x628px.jpg 1200w, https:\/\/elektro-kamleithner.hu\/wp-content\/uploads\/2026\/09\/Klotild-1200x628px-768x402.jpg 768w, https:\/\/elektro-kamleithner.hu\/wp-content\/uploads\/2026\/09\/Klotild-1200x628px-18x9.jpg 18w\" sizes=\"(max-width: 1200px) 100vw, 1200px\" \/><\/div>\n\t\t<\/a>\n\t\t\t\t<div class=\"elementor-post__text\">\n\t\t\t\t<h4 class=\"elementor-post__title\">\n\t\t\t<a href=\"https:\/\/elektro-kamleithner.hu\/en\/the-st-regis-hotel-budapest\/\" >\n\t\t\t\tThe St. Regis Hotel Budapest\t\t\t<\/a>\n\t\t<\/h4>\n\t\t\t\t<div class=\"elementor-post__meta-data\">\n\t\t\t\t\t<span class=\"elementor-post-date\">\n\t\t\t2026.09.01.\t\t<\/span>\n\t\t\t\t<\/div>\n\t\t\t\t\t<div class=\"elementor-post__read-more-wrapper\">\n\t\t\n\t\t<a class=\"elementor-post__read-more\" href=\"https:\/\/elektro-kamleithner.hu\/en\/the-st-regis-hotel-budapest\/\" aria-label=\"Read more about The St. Regis Hotel Budapest\" tabindex=\"-1\" >\n\t\t\tTov\u00e1bb olvasom \u00bb\t\t<\/a>\n\n\t\t\t\t\t<\/div>\n\t\t\t\t<\/div>\n\t\t\t\t<\/article>\n\t\t\t\t<article class=\"elementor-post elementor-grid-item post-10485 post type-post status-publish format-standard has-post-thumbnail hentry category-blog category-esettanulmany\" role=\"listitem\">\n\t\t\t\t<a class=\"elementor-post__thumbnail__link\" href=\"https:\/\/elektro-kamleithner.hu\/en\/intelligens-hoteluzemeltetes-a-gyakorlatban-energetikai-korszerusites-kolping-hotel\/\" tabindex=\"-1\" >\n\t\t\t<div class=\"elementor-post__thumbnail\"><img decoding=\"async\" width=\"1200\" height=\"628\" src=\"https:\/\/elektro-kamleithner.hu\/wp-content\/uploads\/2026\/09\/Kolping_1200x628px.jpg\" class=\"attachment-full size-full wp-image-10486\" alt=\"Kolping 1200x628px\" srcset=\"https:\/\/elektro-kamleithner.hu\/wp-content\/uploads\/2026\/09\/Kolping_1200x628px.jpg 1200w, https:\/\/elektro-kamleithner.hu\/wp-content\/uploads\/2026\/09\/Kolping_1200x628px-768x402.jpg 768w, https:\/\/elektro-kamleithner.hu\/wp-content\/uploads\/2026\/09\/Kolping_1200x628px-18x9.jpg 18w\" sizes=\"(max-width: 1200px) 100vw, 1200px\" \/><\/div>\n\t\t<\/a>\n\t\t\t\t<div class=\"elementor-post__text\">\n\t\t\t\t<h4 class=\"elementor-post__title\">\n\t\t\t<a href=\"https:\/\/elektro-kamleithner.hu\/en\/intelligens-hoteluzemeltetes-a-gyakorlatban-energetikai-korszerusites-kolping-hotel\/\" >\n\t\t\t\tIntelligens hotel\u00fczemeltet\u00e9s a gyakorlatban \u2013 energetikai korszer\u0171s\u00edt\u00e9s Kolping Hotel\t\t\t<\/a>\n\t\t<\/h4>\n\t\t\t\t<div class=\"elementor-post__meta-data\">\n\t\t\t\t\t<span class=\"elementor-post-date\">\n\t\t\t2026.09.01.\t\t<\/span>\n\t\t\t\t<\/div>\n\t\t\t\t\t<div class=\"elementor-post__read-more-wrapper\">\n\t\t\n\t\t<a class=\"elementor-post__read-more\" href=\"https:\/\/elektro-kamleithner.hu\/en\/intelligens-hoteluzemeltetes-a-gyakorlatban-energetikai-korszerusites-kolping-hotel\/\" aria-label=\"Read more about Intelligens hotel\u00fczemeltet\u00e9s a gyakorlatban \u2013 energetikai korszer\u0171s\u00edt\u00e9s Kolping Hotel\" tabindex=\"-1\" >\n\t\t\tTov\u00e1bb olvasom \u00bb\t\t<\/a>\n\n\t\t\t\t\t<\/div>\n\t\t\t\t<\/div>\n\t\t\t\t<\/article>\n\t\t\t\t<article class=\"elementor-post elementor-grid-item post-10459 post type-post status-publish format-standard has-post-thumbnail hentry category-blog\" role=\"listitem\">\n\t\t\t\t<a class=\"elementor-post__thumbnail__link\" href=\"https:\/\/elektro-kamleithner.hu\/en\/epbd-eed-es-fit-for-55-miert-lett-strategiai-kerdes-az-epuletautomatizalas\/\" tabindex=\"-1\" >\n\t\t\t<div class=\"elementor-post__thumbnail\"><img decoding=\"async\" width=\"1200\" height=\"628\" src=\"https:\/\/elektro-kamleithner.hu\/wp-content\/uploads\/2026\/08\/EPBD-fit-for-55.webp\" class=\"attachment-full size-full wp-image-10479\" alt=\"EPBD fit for 55\" srcset=\"https:\/\/elektro-kamleithner.hu\/wp-content\/uploads\/2026\/08\/EPBD-fit-for-55.webp 1200w, https:\/\/elektro-kamleithner.hu\/wp-content\/uploads\/2026\/08\/EPBD-fit-for-55-768x402.webp 768w, https:\/\/elektro-kamleithner.hu\/wp-content\/uploads\/2026\/08\/EPBD-fit-for-55-18x9.webp 18w\" sizes=\"(max-width: 1200px) 100vw, 1200px\" \/><\/div>\n\t\t<\/a>\n\t\t\t\t<div class=\"elementor-post__text\">\n\t\t\t\t<h4 class=\"elementor-post__title\">\n\t\t\t<a href=\"https:\/\/elektro-kamleithner.hu\/en\/epbd-eed-es-fit-for-55-miert-lett-strategiai-kerdes-az-epuletautomatizalas\/\" >\n\t\t\t\tEPBD, EED \u00e9s Fit for 55: mi\u00e9rt lett strat\u00e9giai k\u00e9rd\u00e9s az \u00e9p\u00fcletautomatiz\u00e1l\u00e1s?\t\t\t<\/a>\n\t\t<\/h4>\n\t\t\t\t<div class=\"elementor-post__meta-data\">\n\t\t\t\t\t<span class=\"elementor-post-date\">\n\t\t\t2026.08.14.\t\t<\/span>\n\t\t\t\t<\/div>\n\t\t\t\t\t<div class=\"elementor-post__read-more-wrapper\">\n\t\t\n\t\t<a class=\"elementor-post__read-more\" href=\"https:\/\/elektro-kamleithner.hu\/en\/epbd-eed-es-fit-for-55-miert-lett-strategiai-kerdes-az-epuletautomatizalas\/\" aria-label=\"Read more about EPBD, EED \u00e9s Fit for 55: mi\u00e9rt lett strat\u00e9giai k\u00e9rd\u00e9s az \u00e9p\u00fcletautomatiz\u00e1l\u00e1s?\" tabindex=\"-1\" >\n\t\t\tTov\u00e1bb olvasom \u00bb\t\t<\/a>\n\n\t\t\t\t\t<\/div>\n\t\t\t\t<\/div>\n\t\t\t\t<\/article>\n\t\t\t\t<article class=\"elementor-post elementor-grid-item post-8669 post type-post status-publish format-standard has-post-thumbnail hentry category-blog\" role=\"listitem\">\n\t\t\t\t<a class=\"elementor-post__thumbnail__link\" href=\"https:\/\/elektro-kamleithner.hu\/en\/irodahaz-automatizalasa-knx-rendszerrel-hatekonysag-rendszerszinten\/\" tabindex=\"-1\" >\n\t\t\t<div class=\"elementor-post__thumbnail\"><img loading=\"lazy\" decoding=\"async\" width=\"800\" height=\"418\" src=\"https:\/\/elektro-kamleithner.hu\/wp-content\/uploads\/2026\/01\/e-villamos-6.-jpg.jpg\" class=\"attachment-full size-full wp-image-8670\" alt=\"e villamos 6. jpg\" srcset=\"https:\/\/elektro-kamleithner.hu\/wp-content\/uploads\/2026\/01\/e-villamos-6.-jpg.jpg 800w, https:\/\/elektro-kamleithner.hu\/wp-content\/uploads\/2026\/01\/e-villamos-6.-jpg-768x401.jpg 768w, https:\/\/elektro-kamleithner.hu\/wp-content\/uploads\/2026\/01\/e-villamos-6.-jpg-18x9.jpg 18w\" sizes=\"(max-width: 800px) 100vw, 800px\" \/><\/div>\n\t\t<\/a>\n\t\t\t\t<div class=\"elementor-post__text\">\n\t\t\t\t<h4 class=\"elementor-post__title\">\n\t\t\t<a href=\"https:\/\/elektro-kamleithner.hu\/en\/irodahaz-automatizalasa-knx-rendszerrel-hatekonysag-rendszerszinten\/\" >\n\t\t\t\tIrodah\u00e1z automatiz\u00e1l\u00e1sa KNX rendszerrel &#8211; hat\u00e9konys\u00e1g rendszerszinten\t\t\t<\/a>\n\t\t<\/h4>\n\t\t\t\t<div class=\"elementor-post__meta-data\">\n\t\t\t\t\t<span class=\"elementor-post-date\">\n\t\t\t2026.01.23.\t\t<\/span>\n\t\t\t\t<\/div>\n\t\t\t\t\t<div class=\"elementor-post__read-more-wrapper\">\n\t\t\n\t\t<a class=\"elementor-post__read-more\" href=\"https:\/\/elektro-kamleithner.hu\/en\/irodahaz-automatizalasa-knx-rendszerrel-hatekonysag-rendszerszinten\/\" aria-label=\"Read more about Irodah\u00e1z automatiz\u00e1l\u00e1sa KNX rendszerrel &#8211; hat\u00e9konys\u00e1g rendszerszinten\" tabindex=\"-1\" >\n\t\t\tTov\u00e1bb olvasom \u00bb\t\t<\/a>\n\n\t\t\t\t\t<\/div>\n\t\t\t\t<\/div>\n\t\t\t\t<\/article>\n\t\t\t\t<article class=\"elementor-post elementor-grid-item post-8668 post type-post status-publish format-standard has-post-thumbnail hentry category-blog\" role=\"listitem\">\n\t\t\t\t<a class=\"elementor-post__thumbnail__link\" href=\"https:\/\/elektro-kamleithner.hu\/en\/egy-okos-otthon-kenyelmesebb-es-takarekosabb-is\/\" tabindex=\"-1\" >\n\t\t\t<div class=\"elementor-post__thumbnail\"><img loading=\"lazy\" decoding=\"async\" width=\"800\" height=\"418\" src=\"https:\/\/elektro-kamleithner.hu\/wp-content\/uploads\/2026\/01\/Nevtelen-terv-13.jpg\" class=\"attachment-full size-full wp-image-8666\" alt=\"N\u00e9vtelen terv (13)\" srcset=\"https:\/\/elektro-kamleithner.hu\/wp-content\/uploads\/2026\/01\/Nevtelen-terv-13.jpg 800w, https:\/\/elektro-kamleithner.hu\/wp-content\/uploads\/2026\/01\/Nevtelen-terv-13-768x401.jpg 768w, https:\/\/elektro-kamleithner.hu\/wp-content\/uploads\/2026\/01\/Nevtelen-terv-13-18x9.jpg 18w\" sizes=\"(max-width: 800px) 100vw, 800px\" \/><\/div>\n\t\t<\/a>\n\t\t\t\t<div class=\"elementor-post__text\">\n\t\t\t\t<h4 class=\"elementor-post__title\">\n\t\t\t<a href=\"https:\/\/elektro-kamleithner.hu\/en\/egy-okos-otthon-kenyelmesebb-es-takarekosabb-is\/\" >\n\t\t\t\tEgy intelligens otthon k\u00e9nyelmesebb \u00e9s takar\u00e9kosabb is\t\t\t<\/a>\n\t\t<\/h4>\n\t\t\t\t<div class=\"elementor-post__meta-data\">\n\t\t\t\t\t<span class=\"elementor-post-date\">\n\t\t\t2026.01.12.\t\t<\/span>\n\t\t\t\t<\/div>\n\t\t\t\t\t<div class=\"elementor-post__read-more-wrapper\">\n\t\t\n\t\t<a class=\"elementor-post__read-more\" href=\"https:\/\/elektro-kamleithner.hu\/en\/egy-okos-otthon-kenyelmesebb-es-takarekosabb-is\/\" aria-label=\"Read more about Egy intelligens otthon k\u00e9nyelmesebb \u00e9s takar\u00e9kosabb is\" tabindex=\"-1\" >\n\t\t\tTov\u00e1bb olvasom \u00bb\t\t<\/a>\n\n\t\t\t\t\t<\/div>\n\t\t\t\t<\/div>\n\t\t\t\t<\/article>\n\t\t\t\t<article class=\"elementor-post elementor-grid-item post-8655 post type-post status-publish format-standard has-post-thumbnail hentry category-blog category-referenciaink\" role=\"listitem\">\n\t\t\t\t<a class=\"elementor-post__thumbnail__link\" href=\"https:\/\/elektro-kamleithner.hu\/en\/berker-serie-1930-kapcsolok-a-magyar-allami-operahaz-szinpadan-a-lohengrin-diszletenek-reszletei\/\" tabindex=\"-1\" >\n\t\t\t<div class=\"elementor-post__thumbnail\"><img loading=\"lazy\" decoding=\"async\" width=\"1200\" height=\"628\" src=\"https:\/\/elektro-kamleithner.hu\/wp-content\/uploads\/2025\/12\/referencia-02.webp\" class=\"attachment-full size-full wp-image-9565\" alt=\"referencia 02\" srcset=\"https:\/\/elektro-kamleithner.hu\/wp-content\/uploads\/2025\/12\/referencia-02.webp 1200w, https:\/\/elektro-kamleithner.hu\/wp-content\/uploads\/2025\/12\/referencia-02-768x402.webp 768w, https:\/\/elektro-kamleithner.hu\/wp-content\/uploads\/2025\/12\/referencia-02-18x9.webp 18w\" sizes=\"(max-width: 1200px) 100vw, 1200px\" \/><\/div>\n\t\t<\/a>\n\t\t\t\t<div class=\"elementor-post__text\">\n\t\t\t\t<h4 class=\"elementor-post__title\">\n\t\t\t<a href=\"https:\/\/elektro-kamleithner.hu\/en\/berker-serie-1930-kapcsolok-a-magyar-allami-operahaz-szinpadan-a-lohengrin-diszletenek-reszletei\/\" >\n\t\t\t\tBerker Serie 1930 kapcsol\u00f3k a Magyar \u00c1llami Operah\u00e1z sz\u00ednpad\u00e1n \u2013 a Lohengrin d\u00edszlet\u00e9nek r\u00e9szletei\t\t\t<\/a>\n\t\t<\/h4>\n\t\t\t\t<div class=\"elementor-post__meta-data\">\n\t\t\t\t\t<span class=\"elementor-post-date\">\n\t\t\t2025.12.04.\t\t<\/span>\n\t\t\t\t<\/div>\n\t\t\t\t\t<div class=\"elementor-post__read-more-wrapper\">\n\t\t\n\t\t<a class=\"elementor-post__read-more\" href=\"https:\/\/elektro-kamleithner.hu\/en\/berker-serie-1930-kapcsolok-a-magyar-allami-operahaz-szinpadan-a-lohengrin-diszletenek-reszletei\/\" aria-label=\"Read more about Berker Serie 1930 kapcsol\u00f3k a Magyar \u00c1llami Operah\u00e1z sz\u00ednpad\u00e1n \u2013 a Lohengrin d\u00edszlet\u00e9nek r\u00e9szletei\" tabindex=\"-1\" >\n\t\t\tTov\u00e1bb olvasom \u00bb\t\t<\/a>\n\n\t\t\t\t\t<\/div>\n\t\t\t\t<\/div>\n\t\t\t\t<\/article>\n\t\t\t\t<article class=\"elementor-post elementor-grid-item post-8650 post type-post status-publish format-standard has-post-thumbnail hentry category-blog\" role=\"listitem\">\n\t\t\t\t<a class=\"elementor-post__thumbnail__link\" href=\"https:\/\/elektro-kamleithner.hu\/en\/hogyan-csokkentsd-az-epulet-rezsijet-intelligens-vezerlessel\/\" tabindex=\"-1\" >\n\t\t\t<div class=\"elementor-post__thumbnail\"><img loading=\"lazy\" decoding=\"async\" width=\"800\" height=\"418\" src=\"https:\/\/elektro-kamleithner.hu\/wp-content\/uploads\/2025\/11\/Nevtelen-terv-7.jpg\" class=\"attachment-full size-full wp-image-8653\" alt=\"N\u00e9vtelen terv (7)\" srcset=\"https:\/\/elektro-kamleithner.hu\/wp-content\/uploads\/2025\/11\/Nevtelen-terv-7.jpg 800w, https:\/\/elektro-kamleithner.hu\/wp-content\/uploads\/2025\/11\/Nevtelen-terv-7-768x401.jpg 768w, https:\/\/elektro-kamleithner.hu\/wp-content\/uploads\/2025\/11\/Nevtelen-terv-7-18x9.jpg 18w\" sizes=\"(max-width: 800px) 100vw, 800px\" \/><\/div>\n\t\t<\/a>\n\t\t\t\t<div class=\"elementor-post__text\">\n\t\t\t\t<h4 class=\"elementor-post__title\">\n\t\t\t<a href=\"https:\/\/elektro-kamleithner.hu\/en\/hogyan-csokkentsd-az-epulet-rezsijet-intelligens-vezerlessel\/\" >\n\t\t\t\tHogyan cs\u00f6kkentsd az \u00e9p\u00fclet rezsij\u00e9t intelligens vez\u00e9rl\u00e9ssel?\t\t\t<\/a>\n\t\t<\/h4>\n\t\t\t\t<div class=\"elementor-post__meta-data\">\n\t\t\t\t\t<span class=\"elementor-post-date\">\n\t\t\t2025.11.04.\t\t<\/span>\n\t\t\t\t<\/div>\n\t\t\t\t\t<div class=\"elementor-post__read-more-wrapper\">\n\t\t\n\t\t<a class=\"elementor-post__read-more\" href=\"https:\/\/elektro-kamleithner.hu\/en\/hogyan-csokkentsd-az-epulet-rezsijet-intelligens-vezerlessel\/\" aria-label=\"Read more about Hogyan cs\u00f6kkentsd az \u00e9p\u00fclet rezsij\u00e9t intelligens vez\u00e9rl\u00e9ssel?\" tabindex=\"-1\" >\n\t\t\tTov\u00e1bb olvasom \u00bb\t\t<\/a>\n\n\t\t\t\t\t<\/div>\n\t\t\t\t<\/div>\n\t\t\t\t<\/article>\n\t\t\t\t<article class=\"elementor-post elementor-grid-item post-7963 post type-post status-publish format-standard has-post-thumbnail hentry category-blog\" role=\"listitem\">\n\t\t\t\t<a class=\"elementor-post__thumbnail__link\" href=\"https:\/\/elektro-kamleithner.hu\/en\/a-vilagitas-szerepe-a-neuroinkluziv-terek-kialakitasaban\/\" tabindex=\"-1\" >\n\t\t\t<div class=\"elementor-post__thumbnail\"><img loading=\"lazy\" decoding=\"async\" width=\"1200\" height=\"628\" src=\"https:\/\/elektro-kamleithner.hu\/wp-content\/uploads\/2025\/09\/blog-03.webp\" class=\"attachment-full size-full wp-image-8026\" alt=\"blog 03\" srcset=\"https:\/\/elektro-kamleithner.hu\/wp-content\/uploads\/2025\/09\/blog-03.webp 1200w, https:\/\/elektro-kamleithner.hu\/wp-content\/uploads\/2025\/09\/blog-03-768x402.webp 768w, https:\/\/elektro-kamleithner.hu\/wp-content\/uploads\/2025\/09\/blog-03-18x9.webp 18w\" sizes=\"(max-width: 1200px) 100vw, 1200px\" \/><\/div>\n\t\t<\/a>\n\t\t\t\t<div class=\"elementor-post__text\">\n\t\t\t\t<h4 class=\"elementor-post__title\">\n\t\t\t<a href=\"https:\/\/elektro-kamleithner.hu\/en\/a-vilagitas-szerepe-a-neuroinkluziv-terek-kialakitasaban\/\" >\n\t\t\t\tA vil\u00e1g\u00edt\u00e1s szerepe a neuroinkluz\u00edv terek kialak\u00edt\u00e1s\u00e1ban\t\t\t<\/a>\n\t\t<\/h4>\n\t\t\t\t<div class=\"elementor-post__meta-data\">\n\t\t\t\t\t<span class=\"elementor-post-date\">\n\t\t\t2025.09.10.\t\t<\/span>\n\t\t\t\t<\/div>\n\t\t\t\t\t<div class=\"elementor-post__read-more-wrapper\">\n\t\t\n\t\t<a class=\"elementor-post__read-more\" href=\"https:\/\/elektro-kamleithner.hu\/en\/a-vilagitas-szerepe-a-neuroinkluziv-terek-kialakitasaban\/\" aria-label=\"Read more about A vil\u00e1g\u00edt\u00e1s szerepe a neuroinkluz\u00edv terek kialak\u00edt\u00e1s\u00e1ban\" tabindex=\"-1\" >\n\t\t\tTov\u00e1bb olvasom \u00bb\t\t<\/a>\n\n\t\t\t\t\t<\/div>\n\t\t\t\t<\/div>\n\t\t\t\t<\/article>\n\t\t\t\t<article class=\"elementor-post elementor-grid-item post-7937 post type-post status-publish format-standard has-post-thumbnail hentry category-blog\" role=\"listitem\">\n\t\t\t\t<a class=\"elementor-post__thumbnail__link\" href=\"https:\/\/elektro-kamleithner.hu\/en\/a-knx-mar-nemcsak-a-lampakat-kapcsolja-hanem-az-egesz-epuletet-vezerli\/\" tabindex=\"-1\" >\n\t\t\t<div class=\"elementor-post__thumbnail\"><img loading=\"lazy\" decoding=\"async\" width=\"1200\" height=\"628\" src=\"https:\/\/elektro-kamleithner.hu\/wp-content\/uploads\/2025\/09\/blog-02.webp\" class=\"attachment-full size-full wp-image-8025\" alt=\"blog 02\" srcset=\"https:\/\/elektro-kamleithner.hu\/wp-content\/uploads\/2025\/09\/blog-02.webp 1200w, https:\/\/elektro-kamleithner.hu\/wp-content\/uploads\/2025\/09\/blog-02-768x402.webp 768w, https:\/\/elektro-kamleithner.hu\/wp-content\/uploads\/2025\/09\/blog-02-18x9.webp 18w\" sizes=\"(max-width: 1200px) 100vw, 1200px\" \/><\/div>\n\t\t<\/a>\n\t\t\t\t<div class=\"elementor-post__text\">\n\t\t\t\t<h4 class=\"elementor-post__title\">\n\t\t\t<a href=\"https:\/\/elektro-kamleithner.hu\/en\/a-knx-mar-nemcsak-a-lampakat-kapcsolja-hanem-az-egesz-epuletet-vezerli\/\" >\n\t\t\t\tA KNX m\u00e1r nemcsak a l\u00e1mp\u00e1kat kapcsolja, hanem az eg\u00e9sz \u00e9p\u00fcletet vez\u00e9rli\t\t\t<\/a>\n\t\t<\/h4>\n\t\t\t\t<div class=\"elementor-post__meta-data\">\n\t\t\t\t\t<span class=\"elementor-post-date\">\n\t\t\t2025.08.27.\t\t<\/span>\n\t\t\t\t<\/div>\n\t\t\t\t\t<div class=\"elementor-post__read-more-wrapper\">\n\t\t\n\t\t<a class=\"elementor-post__read-more\" href=\"https:\/\/elektro-kamleithner.hu\/en\/a-knx-mar-nemcsak-a-lampakat-kapcsolja-hanem-az-egesz-epuletet-vezerli\/\" aria-label=\"Read more about A KNX m\u00e1r nemcsak a l\u00e1mp\u00e1kat kapcsolja, hanem az eg\u00e9sz \u00e9p\u00fcletet vez\u00e9rli\" tabindex=\"-1\" >\n\t\t\tTov\u00e1bb olvasom \u00bb\t\t<\/a>\n\n\t\t\t\t\t<\/div>\n\t\t\t\t<\/div>\n\t\t\t\t<\/article>\n\t\t\t\t<article class=\"elementor-post elementor-grid-item post-7911 post type-post status-publish format-standard has-post-thumbnail hentry category-blog\" role=\"listitem\">\n\t\t\t\t<a class=\"elementor-post__thumbnail__link\" href=\"https:\/\/elektro-kamleithner.hu\/en\/35-eves-lett-a-knx-az-ets-fejlodese\/\" tabindex=\"-1\" >\n\t\t\t<div class=\"elementor-post__thumbnail\"><img loading=\"lazy\" decoding=\"async\" width=\"1200\" height=\"628\" src=\"https:\/\/elektro-kamleithner.hu\/wp-content\/uploads\/2025\/09\/blog-01.webp\" class=\"attachment-full size-full wp-image-8024\" alt=\"blog 01\" srcset=\"https:\/\/elektro-kamleithner.hu\/wp-content\/uploads\/2025\/09\/blog-01.webp 1200w, https:\/\/elektro-kamleithner.hu\/wp-content\/uploads\/2025\/09\/blog-01-768x402.webp 768w, https:\/\/elektro-kamleithner.hu\/wp-content\/uploads\/2025\/09\/blog-01-18x9.webp 18w\" sizes=\"(max-width: 1200px) 100vw, 1200px\" \/><\/div>\n\t\t<\/a>\n\t\t\t\t<div class=\"elementor-post__text\">\n\t\t\t\t<h4 class=\"elementor-post__title\">\n\t\t\t<a href=\"https:\/\/elektro-kamleithner.hu\/en\/35-eves-lett-a-knx-az-ets-fejlodese\/\" >\n\t\t\t\t35 \u00e9ves lett a KNX: Az ETS fejl\u0151d\u00e9se\t\t\t<\/a>\n\t\t<\/h4>\n\t\t\t\t<div class=\"elementor-post__meta-data\">\n\t\t\t\t\t<span class=\"elementor-post-date\">\n\t\t\t2025.08.15.\t\t<\/span>\n\t\t\t\t<\/div>\n\t\t\t\t\t<div class=\"elementor-post__read-more-wrapper\">\n\t\t\n\t\t<a class=\"elementor-post__read-more\" href=\"https:\/\/elektro-kamleithner.hu\/en\/35-eves-lett-a-knx-az-ets-fejlodese\/\" aria-label=\"Read more about 35 \u00e9ves lett a KNX: Az ETS fejl\u0151d\u00e9se\" tabindex=\"-1\" >\n\t\t\tTov\u00e1bb olvasom \u00bb\t\t<\/a>\n\n\t\t\t\t\t<\/div>\n\t\t\t\t<\/div>\n\t\t\t\t<\/article>\n\t\t\t\t<article class=\"elementor-post elementor-grid-item post-7902 post type-post status-publish format-standard has-post-thumbnail hentry category-blog\" role=\"listitem\">\n\t\t\t\t<a class=\"elementor-post__thumbnail__link\" href=\"https:\/\/elektro-kamleithner.hu\/en\/nok-a-knx-ben\/\" tabindex=\"-1\" >\n\t\t\t<div class=\"elementor-post__thumbnail\"><img loading=\"lazy\" decoding=\"async\" width=\"450\" height=\"200\" src=\"https:\/\/elektro-kamleithner.hu\/wp-content\/uploads\/2025\/08\/nokaknxben.jpg\" class=\"attachment-full size-full wp-image-8677\" alt=\"nokaknxben\" srcset=\"https:\/\/elektro-kamleithner.hu\/wp-content\/uploads\/2025\/08\/nokaknxben.jpg 450w, https:\/\/elektro-kamleithner.hu\/wp-content\/uploads\/2025\/08\/nokaknxben-18x8.jpg 18w\" sizes=\"(max-width: 450px) 100vw, 450px\" \/><\/div>\n\t\t<\/a>\n\t\t\t\t<div class=\"elementor-post__text\">\n\t\t\t\t<h4 class=\"elementor-post__title\">\n\t\t\t<a href=\"https:\/\/elektro-kamleithner.hu\/en\/nok-a-knx-ben\/\" >\n\t\t\t\tN\u0151k a KNX-ben: Christiane Pursche a n\u0151k technol\u00f3giai szektorban bet\u00f6lt\u00f6tt szerep\u00e9nek hossz\u00fa t\u00e1v\u00fa \u00e1talak\u00edt\u00e1s\u00e1r\u00f3l\t\t\t<\/a>\n\t\t<\/h4>\n\t\t\t\t<div class=\"elementor-post__meta-data\">\n\t\t\t\t\t<span class=\"elementor-post-date\">\n\t\t\t2025.08.14.\t\t<\/span>\n\t\t\t\t<\/div>\n\t\t\t\t\t<div class=\"elementor-post__read-more-wrapper\">\n\t\t\n\t\t<a class=\"elementor-post__read-more\" href=\"https:\/\/elektro-kamleithner.hu\/en\/nok-a-knx-ben\/\" aria-label=\"Read more about N\u0151k a KNX-ben: Christiane Pursche a n\u0151k technol\u00f3giai szektorban bet\u00f6lt\u00f6tt szerep\u00e9nek hossz\u00fa t\u00e1v\u00fa \u00e1talak\u00edt\u00e1s\u00e1r\u00f3l\" tabindex=\"-1\" >\n\t\t\tTov\u00e1bb olvasom \u00bb\t\t<\/a>\n\n\t\t\t\t\t<\/div>\n\t\t\t\t<\/div>\n\t\t\t\t<\/article>\n\t\t\t\t<article class=\"elementor-post elementor-grid-item post-7884 post type-post status-publish format-standard has-post-thumbnail hentry category-blog\" role=\"listitem\">\n\t\t\t\t<a class=\"elementor-post__thumbnail__link\" href=\"https:\/\/elektro-kamleithner.hu\/en\/35-eves-a-knx-1-a-knx-eredete\/\" tabindex=\"-1\" >\n\t\t\t<div class=\"elementor-post__thumbnail\"><img loading=\"lazy\" decoding=\"async\" width=\"450\" height=\"300\" src=\"https:\/\/elektro-kamleithner.hu\/wp-content\/uploads\/2025\/08\/35-a-knx-yasmin.jpg\" class=\"attachment-full size-full wp-image-8680\" alt=\"35 a knx yasmin\" srcset=\"https:\/\/elektro-kamleithner.hu\/wp-content\/uploads\/2025\/08\/35-a-knx-yasmin.jpg 450w, https:\/\/elektro-kamleithner.hu\/wp-content\/uploads\/2025\/08\/35-a-knx-yasmin-18x12.jpg 18w\" sizes=\"(max-width: 450px) 100vw, 450px\" \/><\/div>\n\t\t<\/a>\n\t\t\t\t<div class=\"elementor-post__text\">\n\t\t\t\t<h4 class=\"elementor-post__title\">\n\t\t\t<a href=\"https:\/\/elektro-kamleithner.hu\/en\/35-eves-a-knx-1-a-knx-eredete\/\" >\n\t\t\t\t35 \u00e9ves a KNX &#8211; Yasmin Hashmi \u00e1ttekinti a KNX eredet\u00e9t, alapelveit \u00e9s az elm\u00falt harminc\u00f6t \u00e9v m\u00e9rf\u00f6ldk\u00f6veit\t\t\t<\/a>\n\t\t<\/h4>\n\t\t\t\t<div class=\"elementor-post__meta-data\">\n\t\t\t\t\t<span class=\"elementor-post-date\">\n\t\t\t2025.08.01.\t\t<\/span>\n\t\t\t\t<\/div>\n\t\t\t\t\t<div class=\"elementor-post__read-more-wrapper\">\n\t\t\n\t\t<a class=\"elementor-post__read-more\" href=\"https:\/\/elektro-kamleithner.hu\/en\/35-eves-a-knx-1-a-knx-eredete\/\" aria-label=\"Read more about 35 \u00e9ves a KNX &#8211; Yasmin Hashmi \u00e1ttekinti a KNX eredet\u00e9t, alapelveit \u00e9s az elm\u00falt harminc\u00f6t \u00e9v m\u00e9rf\u00f6ldk\u00f6veit\" tabindex=\"-1\" >\n\t\t\tTov\u00e1bb olvasom \u00bb\t\t<\/a>\n\n\t\t\t\t\t<\/div>\n\t\t\t\t<\/div>\n\t\t\t\t<\/article>\n\t\t\t\t<\/div>\n\t\t\n\t\t\t\t<div class=\"e-load-more-anchor\" data-page=\"1\" data-max-page=\"9\" data-next-page=\"https:\/\/elektro-kamleithner.hu\/en\/?e-page-3557e7b=2\"><\/div>\n\t\t\t\t<nav class=\"elementor-pagination\" aria-label=\"Pagination\">\n\t\t\t<span class=\"page-numbers prev\">&laquo; El\u0151z\u0151<\/span>\n<span aria-current=\"page\" class=\"page-numbers current\"><span class=\"elementor-screen-only\">Page<\/span>1<\/span>\n<a class=\"page-numbers\" href=\"https:\/\/elektro-kamleithner.hu\/en\/wp-json\/wp\/v2\/pages\/1331\/?e-page-3557e7b=2\"><span class=\"elementor-screen-only\">Page<\/span>2<\/a>\n<a class=\"page-numbers\" href=\"https:\/\/elektro-kamleithner.hu\/en\/wp-json\/wp\/v2\/pages\/1331\/?e-page-3557e7b=3\"><span class=\"elementor-screen-only\">Page<\/span>3<\/a>\n<a class=\"page-numbers\" href=\"https:\/\/elektro-kamleithner.hu\/en\/wp-json\/wp\/v2\/pages\/1331\/?e-page-3557e7b=4\"><span class=\"elementor-screen-only\">Page<\/span>4<\/a>\n<a class=\"page-numbers\" href=\"https:\/\/elektro-kamleithner.hu\/en\/wp-json\/wp\/v2\/pages\/1331\/?e-page-3557e7b=5\"><span class=\"elementor-screen-only\">Page<\/span>5<\/a>\n<a class=\"page-numbers\" href=\"https:\/\/elektro-kamleithner.hu\/en\/wp-json\/wp\/v2\/pages\/1331\/?e-page-3557e7b=6\"><span class=\"elementor-screen-only\">Page<\/span>6<\/a>\n<a class=\"page-numbers\" href=\"https:\/\/elektro-kamleithner.hu\/en\/wp-json\/wp\/v2\/pages\/1331\/?e-page-3557e7b=7\"><span class=\"elementor-screen-only\">Page<\/span>7<\/a>\n<a class=\"page-numbers\" href=\"https:\/\/elektro-kamleithner.hu\/en\/wp-json\/wp\/v2\/pages\/1331\/?e-page-3557e7b=8\"><span class=\"elementor-screen-only\">Page<\/span>8<\/a>\n<a class=\"page-numbers\" href=\"https:\/\/elektro-kamleithner.hu\/en\/wp-json\/wp\/v2\/pages\/1331\/?e-page-3557e7b=9\"><span class=\"elementor-screen-only\">Page<\/span>9<\/a>\n<a class=\"page-numbers next\" href=\"https:\/\/elektro-kamleithner.hu\/en\/?e-page-3557e7b=2\">K\u00f6vetkez\u0151 &raquo;<\/a>\t\t<\/nav>\n\t\t\t\t\t\t<\/div>\n\t\t\t\t<\/div>\n\t\t\t\t\t<\/div>\n\t\t\t\t<\/div>\n\t\t\t\t<\/div>","protected":false},"excerpt":{"rendered":"","protected":false},"author":1,"featured_media":0,"parent":1329,"menu_order":0,"comment_status":"closed","ping_status":"closed","template":"","meta":{"_acf_changed":false,"site-sidebar-layout":"no-sidebar","site-content-layout":"","ast-site-content-layout":"full-width-container","site-content-style":"default","site-sidebar-style":"default","ast-global-header-display":"","ast-banner-title-visibility":"","ast-main-header-display":"","ast-hfb-above-header-display":"","ast-hfb-below-header-display":"","ast-hfb-mobile-header-display":"","site-post-title":"","ast-breadcrumbs-content":"","ast-featured-img":"disabled","footer-sml-layout":"","ast-disable-related-posts":"","theme-transparent-header-meta":"default","adv-header-id-meta":"","stick-header-meta":"","header-above-stick-meta":"","header-main-stick-meta":"","header-below-stick-meta":"","astra-migrate-meta-layouts":"set","ast-page-background-enabled":"default","ast-page-background-meta":{"desktop":{"background-color":"var(--ast-global-color-4)","background-image":"","background-repeat":"repeat","background-position":"center center","background-size":"auto","background-attachment":"scroll","background-type":"","background-media":"","overlay-type":"","overlay-color":"","overlay-opacity":"","overlay-gradient":""},"tablet":{"background-color":"","background-image":"","background-repeat":"repeat","background-position":"center center","background-size":"auto","background-attachment":"scroll","background-type":"","background-media":"","overlay-type":"","overlay-color":"","overlay-opacity":"","overlay-gradient":""},"mobile":{"background-color":"","background-image":"","background-repeat":"repeat","background-position":"center center","background-size":"auto","background-attachment":"scroll","background-type":"","background-media":"","overlay-type":"","overlay-color":"","overlay-opacity":"","overlay-gradient":""}},"ast-content-background-meta":{"desktop":{"background-color":"var(--ast-global-color-5)","background-image":"","background-repeat":"repeat","background-position":"center center","background-size":"auto","background-attachment":"scroll","background-type":"","background-media":"","overlay-type":"","overlay-color":"","overlay-opacity":"","overlay-gradient":""},"tablet":{"background-color":"var(--ast-global-color-5)","background-image":"","background-repeat":"repeat","background-position":"center center","background-size":"auto","background-attachment":"scroll","background-type":"","background-media":"","overlay-type":"","overlay-color":"","overlay-opacity":"","overlay-gradient":""},"mobile":{"background-color":"var(--ast-global-color-5)","background-image":"","background-repeat":"repeat","background-position":"center center","background-size":"auto","background-attachment":"scroll","background-type":"","background-media":"","overlay-type":"","overlay-color":"","overlay-opacity":"","overlay-gradient":""}},"footnotes":""},"class_list":["post-1331","page","type-page","status-publish","hentry"],"acf":[],"yoast_head":"<!-- This site is optimized with the Yoast SEO plugin v28.3 - https:\/\/yoast.com\/product\/yoast-seo-wordpress\/ -->\n<title>Cikkek - Elektro Kamleithner<\/title>\n<meta name=\"robots\" content=\"index, follow, max-snippet:-1, max-image-preview:large, max-video-preview:-1\" \/>\n<link rel=\"canonical\" href=\"https:\/\/elektro-kamleithner.hu\/en\/hirek-media\/cikkek\/\" \/>\n<meta property=\"og:locale\" content=\"en_GB\" \/>\n<meta property=\"og:type\" content=\"article\" \/>\n<meta property=\"og:title\" content=\"Cikkek - Elektro Kamleithner\" \/>\n<meta property=\"og:url\" content=\"https:\/\/elektro-kamleithner.hu\/en\/hirek-media\/cikkek\/\" \/>\n<meta property=\"og:site_name\" content=\"Elektro Kamleithner\" \/>\n<meta property=\"article:publisher\" content=\"https:\/\/www.facebook.com\/ElektroKamleithnerKft\/\" \/>\n<meta property=\"article:modified_time\" content=\"2026-05-04T15:59:26+00:00\" \/>\n<meta name=\"twitter:card\" content=\"summary_large_image\" \/>\n<meta name=\"twitter:label1\" content=\"Estimated reading time\" \/>\n\t<meta name=\"twitter:data1\" content=\"4 minutes\" \/>\n<script type=\"application\/ld+json\" class=\"yoast-schema-graph\">{\"@context\":\"https:\\\/\\\/schema.org\",\"@graph\":[{\"@type\":\"WebPage\",\"@id\":\"https:\\\/\\\/elektro-kamleithner.hu\\\/hirek-media\\\/cikkek\\\/\",\"url\":\"https:\\\/\\\/elektro-kamleithner.hu\\\/hirek-media\\\/cikkek\\\/\",\"name\":\"Cikkek - Elektro Kamleithner\",\"isPartOf\":{\"@id\":\"https:\\\/\\\/elektro-kamleithner.hu\\\/#website\"},\"datePublished\":\"2025-09-09T17:27:14+00:00\",\"dateModified\":\"2026-05-04T15:59:26+00:00\",\"breadcrumb\":{\"@id\":\"https:\\\/\\\/elektro-kamleithner.hu\\\/hirek-media\\\/cikkek\\\/#breadcrumb\"},\"inLanguage\":\"en-GB\",\"potentialAction\":[{\"@type\":\"ReadAction\",\"target\":[\"https:\\\/\\\/elektro-kamleithner.hu\\\/hirek-media\\\/cikkek\\\/\"]}]},{\"@type\":\"BreadcrumbList\",\"@id\":\"https:\\\/\\\/elektro-kamleithner.hu\\\/hirek-media\\\/cikkek\\\/#breadcrumb\",\"itemListElement\":[{\"@type\":\"ListItem\",\"position\":1,\"name\":\"Kezd\u0151lap\",\"item\":\"https:\\\/\\\/elektro-kamleithner.hu\\\/\"},{\"@type\":\"ListItem\",\"position\":2,\"name\":\"Tud\u00e1sb\u00e1zis\",\"item\":\"https:\\\/\\\/elektro-kamleithner.hu\\\/hirek-media\\\/\"},{\"@type\":\"ListItem\",\"position\":3,\"name\":\"Cikkek\"}]},{\"@type\":\"WebSite\",\"@id\":\"https:\\\/\\\/elektro-kamleithner.hu\\\/#website\",\"url\":\"https:\\\/\\\/elektro-kamleithner.hu\\\/\",\"name\":\"Elektro Kamleithner\",\"description\":\"Elektro Kamleithner\",\"publisher\":{\"@id\":\"https:\\\/\\\/elektro-kamleithner.hu\\\/#organization\"},\"potentialAction\":[{\"@type\":\"SearchAction\",\"target\":{\"@type\":\"EntryPoint\",\"urlTemplate\":\"https:\\\/\\\/elektro-kamleithner.hu\\\/?s={search_term_string}\"},\"query-input\":{\"@type\":\"PropertyValueSpecification\",\"valueRequired\":true,\"valueName\":\"search_term_string\"}}],\"inLanguage\":\"en-GB\"},{\"@type\":\"Organization\",\"@id\":\"https:\\\/\\\/elektro-kamleithner.hu\\\/#organization\",\"name\":\"Elektro Kamleithner\",\"url\":\"https:\\\/\\\/elektro-kamleithner.hu\\\/\",\"logo\":{\"@type\":\"ImageObject\",\"inLanguage\":\"en-GB\",\"@id\":\"https:\\\/\\\/elektro-kamleithner.hu\\\/#\\\/schema\\\/logo\\\/image\\\/\",\"url\":\"https:\\\/\\\/elektro-kamleithner.hu\\\/wp-content\\\/uploads\\\/2024\\\/09\\\/elektro-white-001.svg\",\"contentUrl\":\"https:\\\/\\\/elektro-kamleithner.hu\\\/wp-content\\\/uploads\\\/2024\\\/09\\\/elektro-white-001.svg\",\"width\":382,\"height\":131,\"caption\":\"Elektro Kamleithner\"},\"image\":{\"@id\":\"https:\\\/\\\/elektro-kamleithner.hu\\\/#\\\/schema\\\/logo\\\/image\\\/\"},\"sameAs\":[\"https:\\\/\\\/www.facebook.com\\\/ElektroKamleithnerKft\\\/\",\"https:\\\/\\\/www.youtube.com\\\/channel\\\/UCdDdwY5NIU2nmN9MjvqnFqg\",\"https:\\\/\\\/www.instagram.com\\\/berker.hu\\\/\"]}]}<\/script>\n<!-- \/ Yoast SEO plugin. -->","yoast_head_json":{"title":"Cikkek - Elektro Kamleithner","robots":{"index":"index","follow":"follow","max-snippet":"max-snippet:-1","max-image-preview":"max-image-preview:large","max-video-preview":"max-video-preview:-1"},"canonical":"https:\/\/elektro-kamleithner.hu\/en\/hirek-media\/cikkek\/","og_locale":"en_GB","og_type":"article","og_title":"Cikkek - Elektro Kamleithner","og_url":"https:\/\/elektro-kamleithner.hu\/en\/hirek-media\/cikkek\/","og_site_name":"Elektro Kamleithner","article_publisher":"https:\/\/www.facebook.com\/ElektroKamleithnerKft\/","article_modified_time":"2026-05-04T15:59:26+00:00","twitter_card":"summary_large_image","twitter_misc":{"Estimated reading time":"4 minutes"},"schema":{"@context":"https:\/\/schema.org","@graph":[{"@type":"WebPage","@id":"https:\/\/elektro-kamleithner.hu\/hirek-media\/cikkek\/","url":"https:\/\/elektro-kamleithner.hu\/hirek-media\/cikkek\/","name":"Cikkek - Elektro Kamleithner","isPartOf":{"@id":"https:\/\/elektro-kamleithner.hu\/#website"},"datePublished":"2025-09-09T17:27:14+00:00","dateModified":"2026-05-04T15:59:26+00:00","breadcrumb":{"@id":"https:\/\/elektro-kamleithner.hu\/hirek-media\/cikkek\/#breadcrumb"},"inLanguage":"en-GB","potentialAction":[{"@type":"ReadAction","target":["https:\/\/elektro-kamleithner.hu\/hirek-media\/cikkek\/"]}]},{"@type":"BreadcrumbList","@id":"https:\/\/elektro-kamleithner.hu\/hirek-media\/cikkek\/#breadcrumb","itemListElement":[{"@type":"ListItem","position":1,"name":"Kezd\u0151lap","item":"https:\/\/elektro-kamleithner.hu\/"},{"@type":"ListItem","position":2,"name":"Tud\u00e1sb\u00e1zis","item":"https:\/\/elektro-kamleithner.hu\/hirek-media\/"},{"@type":"ListItem","position":3,"name":"Cikkek"}]},{"@type":"WebSite","@id":"https:\/\/elektro-kamleithner.hu\/#website","url":"https:\/\/elektro-kamleithner.hu\/","name":"Elektro Kamleithner","description":"Elektro Kamleithner","publisher":{"@id":"https:\/\/elektro-kamleithner.hu\/#organization"},"potentialAction":[{"@type":"SearchAction","target":{"@type":"EntryPoint","urlTemplate":"https:\/\/elektro-kamleithner.hu\/?s={search_term_string}"},"query-input":{"@type":"PropertyValueSpecification","valueRequired":true,"valueName":"search_term_string"}}],"inLanguage":"en-GB"},{"@type":"Organization","@id":"https:\/\/elektro-kamleithner.hu\/#organization","name":"Elektro Kamleithner","url":"https:\/\/elektro-kamleithner.hu\/","logo":{"@type":"ImageObject","inLanguage":"en-GB","@id":"https:\/\/elektro-kamleithner.hu\/#\/schema\/logo\/image\/","url":"https:\/\/elektro-kamleithner.hu\/wp-content\/uploads\/2024\/09\/elektro-white-001.svg","contentUrl":"https:\/\/elektro-kamleithner.hu\/wp-content\/uploads\/2024\/09\/elektro-white-001.svg","width":382,"height":131,"caption":"Elektro Kamleithner"},"image":{"@id":"https:\/\/elektro-kamleithner.hu\/#\/schema\/logo\/image\/"},"sameAs":["https:\/\/www.facebook.com\/ElektroKamleithnerKft\/","https:\/\/www.youtube.com\/channel\/UCdDdwY5NIU2nmN9MjvqnFqg","https:\/\/www.instagram.com\/berker.hu\/"]}]}},"_links":{"self":[{"href":"https:\/\/elektro-kamleithner.hu\/en\/wp-json\/wp\/v2\/pages\/1331","targetHints":{"allow":["GET"]}}],"collection":[{"href":"https:\/\/elektro-kamleithner.hu\/en\/wp-json\/wp\/v2\/pages"}],"about":[{"href":"https:\/\/elektro-kamleithner.hu\/en\/wp-json\/wp\/v2\/types\/page"}],"author":[{"embeddable":true,"href":"https:\/\/elektro-kamleithner.hu\/en\/wp-json\/wp\/v2\/users\/1"}],"replies":[{"embeddable":true,"href":"https:\/\/elektro-kamleithner.hu\/en\/wp-json\/wp\/v2\/comments?post=1331"}],"version-history":[{"count":13,"href":"https:\/\/elektro-kamleithner.hu\/en\/wp-json\/wp\/v2\/pages\/1331\/revisions"}],"predecessor-version":[{"id":10004,"href":"https:\/\/elektro-kamleithner.hu\/en\/wp-json\/wp\/v2\/pages\/1331\/revisions\/10004"}],"up":[{"embeddable":true,"href":"https:\/\/elektro-kamleithner.hu\/en\/wp-json\/wp\/v2\/pages\/1329"}],"wp:attachment":[{"href":"https:\/\/elektro-kamleithner.hu\/en\/wp-json\/wp\/v2\/media?parent=1331"}],"curies":[{"name":"wp","href":"https:\/\/api.w.org\/{rel}","templated":true}]}}