{"id":1303,"date":"2025-09-09T19:20:15","date_gmt":"2025-09-09T17:20:15","guid":{"rendered":"https:\/\/evernox.hu\/?page_id=1303"},"modified":"2026-05-04T17:16:18","modified_gmt":"2026-05-04T15:16:18","slug":"tortenetunk","status":"publish","type":"page","link":"https:\/\/elektro-kamleithner.hu\/en\/rolunk\/tortenetunk\/","title":{"rendered":"T\u00f6rt\u00e9net\u00fcnk"},"content":{"rendered":"<div data-elementor-type=\"wp-page\" data-elementor-id=\"1303\" class=\"elementor elementor-1303\" data-elementor-post-type=\"page\">\n\t\t\t\t<div class=\"elementor-element elementor-element-9249916 e-con-full e-flex e-con e-parent\" data-id=\"9249916\" data-element_type=\"container\" data-e-type=\"container\" data-settings=\"{&quot;background_background&quot;:&quot;classic&quot;}\">\n\t\t<div class=\"elementor-element elementor-element-7c4616b e-flex e-con-boxed e-con e-child\" data-id=\"7c4616b\" data-element_type=\"container\" data-e-type=\"container\">\n\t\t\t\t\t<div class=\"e-con-inner\">\n\t\t\t\t\t<\/div>\n\t\t\t\t<\/div>\n\t\t\t\t<\/div>\n\t\t<div class=\"elementor-element elementor-element-b4cbc02 e-con-full e-flex e-con e-parent\" data-id=\"b4cbc02\" data-element_type=\"container\" data-e-type=\"container\" data-settings=\"{&quot;background_background&quot;:&quot;classic&quot;}\">\n\t\t<div class=\"elementor-element elementor-element-26dc1b1 e-con-full e-flex e-con e-child\" data-id=\"26dc1b1\" data-element_type=\"container\" data-e-type=\"container\">\n\t\t\t\t<div class=\"elementor-element elementor-element-fa92cad elementor-widget elementor-widget-heading\" data-id=\"fa92cad\" data-element_type=\"widget\" data-e-type=\"widget\" data-widget_type=\"heading.default\">\n\t\t\t\t<div class=\"elementor-widget-container\">\n\t\t\t\t\t<h1 class=\"elementor-heading-title elementor-size-default\">25 \u00c9VE<\/h1>\t\t\t\t<\/div>\n\t\t\t\t<\/div>\n\t\t\t\t<div class=\"elementor-element elementor-element-ef210a6 elementor-widget elementor-widget-heading\" data-id=\"ef210a6\" data-element_type=\"widget\" data-e-type=\"widget\" data-widget_type=\"heading.default\">\n\t\t\t\t<div class=\"elementor-widget-container\">\n\t\t\t\t\t<h4 class=\"elementor-heading-title elementor-size-default\">AZ \u00c9P\u00dcLETAUTOMATIZ\u00c1L\u00c1S \u00c9LVONAL\u00c1BAN<br>Innov\u00e1ci\u00f3val, szak\u00e9rtelemmel \u00e9s<br>megb\u00edzhat\u00f3s\u00e1ggal.<\/h4>\t\t\t\t<\/div>\n\t\t\t\t<\/div>\n\t\t\t\t<\/div>\n\t\t<div class=\"elementor-element elementor-element-8f02533 e-con-full e-flex e-con e-child\" data-id=\"8f02533\" data-element_type=\"container\" data-e-type=\"container\" data-settings=\"{&quot;background_background&quot;:&quot;classic&quot;}\">\n\t\t\t\t<\/div>\n\t\t\t\t<\/div>\n\t\t<div class=\"elementor-element elementor-element-1ada636 e-flex e-con-boxed e-con e-parent\" data-id=\"1ada636\" data-element_type=\"container\" data-e-type=\"container\">\n\t\t\t\t\t<div class=\"e-con-inner\">\n\t\t\t\t<div class=\"elementor-element elementor-element-d5adf8a elementor-widget elementor-widget-timeline-widget-addon\" data-id=\"d5adf8a\" data-element_type=\"widget\" data-e-type=\"widget\" data-widget_type=\"timeline-widget-addon.default\">\n\t\t\t\t<div class=\"elementor-widget-container\">\n\t\t\t\t\t<!-- ========= Timeline Widget Addon For Elementor 1.7.0 ========= -->\n<div id=\"twae-wrapper-d5adf8a\" class=\"twae-vertical twae-wrapper  twae-both-sided\">   \n    <div class=\"twae-start\"><\/div>    \n    <div id=\"twea-timeline-d5adf8a\" class=\"twae-timeline\" ><!-- Start of Story Repeater Content --><div id=\"story-93801d0\" class=\"twae-story twae-repeater-item twae-story-right twae-story-no-icon\"><!-- Story Label --><div class=\"twae-labels\"><div class=\"twae-label-big\">1996<\/div><\/div><!-- Story Icon --><div class=\"twae-icon\"><i aria-hidden=\"true\" class=\"far fa-clock\"><\/i><\/div><!-- Story Arrow --><div class=\"twae-arrow\"><\/div><!-- Start of Story Content --><div class=\"twae-content\"><!-- Story Title --><div class=\"twae-title\">KEZDETEK<\/div><!-- Story Image --><div class=\"twae-media large\"><img fetchpriority=\"high\" decoding=\"async\" width=\"495\" height=\"280\" src=\"https:\/\/elektro-kamleithner.hu\/wp-content\/uploads\/2025\/10\/tortenetunk-001.webp\" class=\"attachment-large size-large\" alt=\"tortenetunk 001\" srcset=\"https:\/\/elektro-kamleithner.hu\/wp-content\/uploads\/2025\/10\/tortenetunk-001.webp 495w, https:\/\/elektro-kamleithner.hu\/wp-content\/uploads\/2025\/10\/tortenetunk-001-18x10.webp 18w\" sizes=\"(max-width: 495px) 100vw, 495px\" \/><\/div><!-- Story Description --><div class=\"twae-description\"><p>Balogh Zolt\u00e1n els\u0151 l\u00e9p\u00e9se az \u00e9p\u00fcletautomatiz\u00e1l\u00e1s vil\u00e1g\u00e1ban egy korszakot ind\u00edtott el. KNX programoz\u00f3i tan\u00fas\u00edtv\u00e1nyt szerzett, mellyel az els\u0151k k\u00f6z\u00f6tt v\u00e1lt elismert szak\u00e9rt\u0151v\u00e9 a rendszer hazai bevezet\u00e9s\u00e9nek idej\u00e9n.<\/p><\/div><\/div><\/div><!-- Start of Story Repeater Content --><div id=\"story-cde5d91\" class=\"twae-story twae-repeater-item twae-story-left twae-story-no-icon\"><!-- Story Label --><div class=\"twae-labels\"><div class=\"twae-label-big\">1997<\/div><\/div><!-- Story Icon --><div class=\"twae-icon\"><i aria-hidden=\"true\" class=\"far fa-clock\"><\/i><\/div><!-- Story Arrow --><div class=\"twae-arrow\"><\/div><!-- Start of Story Content --><div class=\"twae-content\"><!-- Story Title --><div class=\"twae-title\">Audi Hungaria<\/div><!-- Story Image --><div class=\"twae-media large\"><img decoding=\"async\" width=\"495\" height=\"280\" src=\"https:\/\/elektro-kamleithner.hu\/wp-content\/uploads\/2025\/10\/tortenetunk-002.webp\" class=\"attachment-large size-large\" alt=\"tortenetunk 002\" srcset=\"https:\/\/elektro-kamleithner.hu\/wp-content\/uploads\/2025\/10\/tortenetunk-002.webp 495w, https:\/\/elektro-kamleithner.hu\/wp-content\/uploads\/2025\/10\/tortenetunk-002-18x10.webp 18w\" sizes=\"(max-width: 495px) 100vw, 495px\" \/><\/div><!-- Story Description --><div class=\"twae-description\"><p>Az Audi Hungaria 1997-es csarnokb\u0151v\u00edt\u00e9se volt az els\u0151 nagy ipari projekt\u00fcnk, melynek programoz\u00e1s\u00e1t Balogh Zolt\u00e1n v\u00e9gezte.\u00a0Ugyan ebben az \u00e9vben j\u00f6tt l\u00e9tre Magyarorsz\u00e1g els\u0151 hivatalos KNX laborja a Kand\u00f3 K\u00e1lm\u00e1n F\u0151iskol\u00e1n Balogh Zolt\u00e1n k\u00f6zrem\u0171k\u00f6d\u00e9s\u00e9vel.<\/p><\/div><\/div><\/div><!-- Start of Story Repeater Content --><div id=\"story-7262fa5\" class=\"twae-story twae-repeater-item twae-story-right twae-story-no-icon\"><!-- Story Label --><div class=\"twae-labels\"><div class=\"twae-label-big\">1998<\/div><\/div><!-- Story Icon --><div class=\"twae-icon\"><i aria-hidden=\"true\" class=\"far fa-clock\"><\/i><\/div><!-- Story Arrow --><div class=\"twae-arrow\"><\/div><!-- Start of Story Content --><div class=\"twae-content\"><!-- Story Title --><div class=\"twae-title\">CSAL\u00c1DI H\u00c1ZAINK<\/div><!-- Story Image --><div class=\"twae-media large\"><img decoding=\"async\" width=\"495\" height=\"280\" src=\"https:\/\/elektro-kamleithner.hu\/wp-content\/uploads\/2025\/10\/tortenetunk-003.webp\" class=\"attachment-large size-large\" alt=\"tortenetunk 003\" srcset=\"https:\/\/elektro-kamleithner.hu\/wp-content\/uploads\/2025\/10\/tortenetunk-003.webp 495w, https:\/\/elektro-kamleithner.hu\/wp-content\/uploads\/2025\/10\/tortenetunk-003-18x10.webp 18w\" sizes=\"(max-width: 495px) 100vw, 495px\" \/><\/div><!-- Story Description --><div class=\"twae-description\"><p>Egyik els\u0151 csal\u00e1di h\u00e1zas projekt\u00fcnket bemutatta a Sz\u00e9p H\u00e1zak Magazin, ez hatalmas elismer\u00e9s volt \u00e9s ezzel indult el a lakoss\u00e1gi megold\u00e1saink ismerts\u00e9ge.\u00a0Ugyan ebben az \u00e9vben Balogh Zolt\u00e1n megszerezte a KNX oktat\u00f3i min\u0151s\u00edt\u00e9st, \u00edgy az orsz\u00e1g els\u0151 hivatalos KNX oktat\u00f3i k\u00f6z\u00e9 tartozottt.<\/p><\/div><\/div><\/div><!-- Start of Story Repeater Content --><div id=\"story-be9233a\" class=\"twae-story twae-repeater-item twae-story-left twae-story-no-icon\"><!-- Story Label --><div class=\"twae-labels\"><div class=\"twae-label-big\">2000<\/div><\/div><!-- Story Icon --><div class=\"twae-icon\"><i aria-hidden=\"true\" class=\"far fa-clock\"><\/i><\/div><!-- Story Arrow --><div class=\"twae-arrow\"><\/div><!-- Start of Story Content --><div class=\"twae-content\"><!-- Story Title --><div class=\"twae-title\">ELEKTRO-KAMLEITHNER<\/div><!-- Story Image --><div class=\"twae-media large\"><img loading=\"lazy\" decoding=\"async\" width=\"495\" height=\"280\" src=\"https:\/\/elektro-kamleithner.hu\/wp-content\/uploads\/2025\/10\/tortenetunk-004.webp\" class=\"attachment-large size-large\" alt=\"tortenetunk 004\" srcset=\"https:\/\/elektro-kamleithner.hu\/wp-content\/uploads\/2025\/10\/tortenetunk-004.webp 495w, https:\/\/elektro-kamleithner.hu\/wp-content\/uploads\/2025\/10\/tortenetunk-004-18x10.webp 18w\" sizes=\"(max-width: 495px) 100vw, 495px\" \/><\/div><!-- Story Description --><div class=\"twae-description\"><p>2000-ben megalakult az Elektro-Kamleithner Kft., amely az\u00f3ta is meghat\u00e1roz\u00f3 szerepl\u0151je a hazai \u00e9p\u00fcletautomatiz\u00e1l\u00e1si piacnak.\u00a0Kezdetben a Berker \u00e9s a Theben \u00e9p\u00fcletautomatiz\u00e1l\u00e1si term\u00e9kei \u00e1lltak f\u00f3kuszban-az akkoriEIB rendszer alapj\u00e1n ez lett k\u00e9s\u0151bb a ma is ismert KNX.<\/p><\/div><\/div><\/div><!-- Start of Story Repeater Content --><div id=\"story-3348041\" class=\"twae-story twae-repeater-item twae-story-right twae-story-no-icon\"><!-- Story Label --><div class=\"twae-labels\"><div class=\"twae-label-big\">2000+<\/div><\/div><!-- Story Icon --><div class=\"twae-icon\"><i aria-hidden=\"true\" class=\"far fa-clock\"><\/i><\/div><!-- Story Arrow --><div class=\"twae-arrow\"><\/div><!-- Start of Story Content --><div class=\"twae-content\"><!-- Story Title --><div class=\"twae-title\">ELS\u0150 PROJEKTJEINK<\/div><!-- Story Image --><div class=\"twae-media large\"><img loading=\"lazy\" decoding=\"async\" width=\"495\" height=\"280\" src=\"https:\/\/elektro-kamleithner.hu\/wp-content\/uploads\/2025\/10\/tortenetunk-005.webp\" class=\"attachment-large size-large\" alt=\"tortenetunk 005\" srcset=\"https:\/\/elektro-kamleithner.hu\/wp-content\/uploads\/2025\/10\/tortenetunk-005.webp 495w, https:\/\/elektro-kamleithner.hu\/wp-content\/uploads\/2025\/10\/tortenetunk-005-18x10.webp 18w\" sizes=\"(max-width: 495px) 100vw, 495px\" \/><\/div><!-- Story Description --><div class=\"twae-description\"><p>Az els\u0151 projektek csal\u00e1di h\u00e1zak automatiz\u00e1l\u00e1sai voltak,akkor m\u00e9g hatf\u0151s csapattal - ma m\u00e1r sz\u00e1llod\u00e1k, egyetemek \u00e9s ipari l\u00e9tes\u00edtm\u00e9nyek is a projektjeik k\u00f6z\u00f6tt szerepelnek. A Budapesti Gazdas\u00e1gi Egyetem is l\u00e9tre hozta saj\u00e1t KNX laborj\u00e1t - Balogh Zolt\u00e1n szakmai k\u00f6zrem\u0171k\u00f6d\u00e9s\u00e9vel.<\/p><\/div><\/div><\/div><!-- Start of Story Repeater Content --><div id=\"story-6fa2568\" class=\"twae-story twae-repeater-item twae-story-left twae-story-no-icon\"><!-- Story Label --><div class=\"twae-labels\"><div class=\"twae-label-big\">2000+<\/div><\/div><!-- Story Icon --><div class=\"twae-icon\"><i aria-hidden=\"true\" class=\"far fa-clock\"><\/i><\/div><!-- Story Arrow --><div class=\"twae-arrow\"><\/div><!-- Start of Story Content --><div class=\"twae-content\"><!-- Story Title --><div class=\"twae-title\">OKTAT\u00c1S<\/div><!-- Story Image --><div class=\"twae-media large\"><img loading=\"lazy\" decoding=\"async\" width=\"495\" height=\"280\" src=\"https:\/\/elektro-kamleithner.hu\/wp-content\/uploads\/2025\/10\/tortenetunk-006.webp\" class=\"attachment-large size-large\" alt=\"tortenetunk 006\" srcset=\"https:\/\/elektro-kamleithner.hu\/wp-content\/uploads\/2025\/10\/tortenetunk-006.webp 495w, https:\/\/elektro-kamleithner.hu\/wp-content\/uploads\/2025\/10\/tortenetunk-006-18x10.webp 18w\" sizes=\"(max-width: 495px) 100vw, 495px\" \/><\/div><!-- Story Description --><div class=\"twae-description\"><p>Szakmai tud\u00e1sunk megost\u00e1sa sz\u00e1munkra kiemelt \u00e9rt\u00e9k - Balogh Zolt\u00e1n \u00e9vekig \u00f3raad\u00f3k\u00e9nt tan\u00edtott a Kand\u00f3 K\u00e1lm\u00e1n M\u0171szaki F\u0151iskol\u00e1n, Turbucz Gergely pedig rendszeresen oktat P\u00e9csen megh\u00edvott el\u0151ad\u00f3k\u00e9nt szakmai f\u00f3rumokon.<\/p><\/div><\/div><\/div><!-- Start of Story Repeater Content --><div id=\"story-f9aaa72\" class=\"twae-story twae-repeater-item twae-story-right twae-story-no-icon\"><!-- Story Label --><div class=\"twae-labels\"><div class=\"twae-label-big\">2000+<\/div><\/div><!-- Story Icon --><div class=\"twae-icon\"><i aria-hidden=\"true\" class=\"far fa-clock\"><\/i><\/div><!-- Story Arrow --><div class=\"twae-arrow\"><\/div><!-- Start of Story Content --><div class=\"twae-content\"><!-- Story Title --><div class=\"twae-title\">Villanyszerel\u0151k lapja<\/div><!-- Story Image --><div class=\"twae-media large\"><img loading=\"lazy\" decoding=\"async\" width=\"495\" height=\"280\" src=\"https:\/\/elektro-kamleithner.hu\/wp-content\/uploads\/2025\/10\/tortenetunk-007.webp\" class=\"attachment-large size-large\" alt=\"tortenetunk 007\" srcset=\"https:\/\/elektro-kamleithner.hu\/wp-content\/uploads\/2025\/10\/tortenetunk-007.webp 495w, https:\/\/elektro-kamleithner.hu\/wp-content\/uploads\/2025\/10\/tortenetunk-007-18x10.webp 18w\" sizes=\"(max-width: 495px) 100vw, 495px\" \/><\/div><!-- Story Description --><div class=\"twae-description\"><p>Szakmai cikkjeink a 2000-es \u00e9vek \u00f3ta megjelennek h\u00edres-neves \u00e9p\u00fcletg\u00e9p\u00e9szeti \u00e9s villamosipari szakmai kiadv\u00e1nyokban, ilyen nagyobb kiadv\u00e1ny a Villanyszerel\u0151k Lapja is, illetve online f\u00f3rumokon is sz\u00e1mos megjelen\u00e9s\u00fcnk van\/volt.<\/p><\/div><\/div><\/div><!-- Start of Story Repeater Content --><div id=\"story-f1d0c4a\" class=\"twae-story twae-repeater-item twae-story-left twae-story-no-icon\"><!-- Story Label --><div class=\"twae-labels\"><div class=\"twae-label-big\">2015<\/div><\/div><!-- Story Icon --><div class=\"twae-icon\"><i aria-hidden=\"true\" class=\"far fa-clock\"><\/i><\/div><!-- Story Arrow --><div class=\"twae-arrow\"><\/div><!-- Start of Story Content --><div class=\"twae-content\"><!-- Story Title --><div class=\"twae-title\">ELS\u0150 K\u00d6LT\u00d6Z\u00c9S\u00dcNK<\/div><!-- Story Image --><div class=\"twae-media large\"><img loading=\"lazy\" decoding=\"async\" width=\"495\" height=\"280\" src=\"https:\/\/elektro-kamleithner.hu\/wp-content\/uploads\/2025\/10\/tortenetunk-008.webp\" class=\"attachment-large size-large\" alt=\"tortenetunk 008\" srcset=\"https:\/\/elektro-kamleithner.hu\/wp-content\/uploads\/2025\/10\/tortenetunk-008.webp 495w, https:\/\/elektro-kamleithner.hu\/wp-content\/uploads\/2025\/10\/tortenetunk-008-18x10.webp 18w\" sizes=\"(max-width: 495px) 100vw, 495px\" \/><\/div><!-- Story Description --><div class=\"twae-description\"><p>2015-ben k\u00f6lt\u00f6zt\u00fcnk a J\u00f3kai utca 32.sz\u00e1m al\u00e1 az Attila \u00fat 71-b\u0151l. Az\u00f3ta is m\u0171k\u00f6dik\u00a0 itt irod\u00e1nk \u00e9s rakt\u00e1runk, a csapat egy r\u00e9sze inne dolgozik. Az ELI-ALPS L\u00e9zeres Kutat\u00f3int\u00e9zet kivitelez\u00e9s\u00e9ben is r\u00e9szt vett\u00fcnk - az \u00e9p\u00fcletautomatika rendszer\u00e9t az Elektro-Kamleithner csapata tervezte \u00e9s programozta.<\/p><\/div><\/div><\/div><!-- Start of Story Repeater Content --><div id=\"story-c4c69ec\" class=\"twae-story twae-repeater-item twae-story-right twae-story-no-icon\"><!-- Story Label --><div class=\"twae-labels\"><div class=\"twae-label-big\">2019<\/div><\/div><!-- Story Icon --><div class=\"twae-icon\"><i aria-hidden=\"true\" class=\"far fa-clock\"><\/i><\/div><!-- Story Arrow --><div class=\"twae-arrow\"><\/div><!-- Start of Story Content --><div class=\"twae-content\"><!-- Story Title --><div class=\"twae-title\">A99 &amp; SZERVITA SQUARE<\/div><!-- Story Image --><div class=\"twae-media large\"><img loading=\"lazy\" decoding=\"async\" width=\"495\" height=\"280\" src=\"https:\/\/elektro-kamleithner.hu\/wp-content\/uploads\/2025\/10\/tortenetunk-009.webp\" class=\"attachment-large size-large\" alt=\"tortenetunk 009\" srcset=\"https:\/\/elektro-kamleithner.hu\/wp-content\/uploads\/2025\/10\/tortenetunk-009.webp 495w, https:\/\/elektro-kamleithner.hu\/wp-content\/uploads\/2025\/10\/tortenetunk-009-18x10.webp 18w\" sizes=\"(max-width: 495px) 100vw, 495px\" \/><\/div><!-- Story Description --><div class=\"twae-description\"><p>Az A99 volt az els\u0151 t\u00e1rsash\u00e1z, ahol komplex \u00e9p\u00fcletautomatiz\u00e1l\u00e1si rendszert val\u00f3s\u00edtottunk meg, itt kezd\u0151d\u00f6tt a lak\u00f3\u00e9p\u00fcletekhez kapcsol\u00f3d\u00f3 tev\u00e9kenys\u00e9g\u00fcnk. A Szervita Square Building projekt ebben az id\u0151szakban tov\u00e1bb er\u0151s\u00edtette t\u00e1rsash\u00e1zi f\u00f3kuszunkat- intelligens megold\u00e1sok pr\u00e9mium lak\u00f3\u00e9p\u00fcletekben.<\/p><\/div><\/div><\/div><!-- Start of Story Repeater Content --><div id=\"story-a9ae24e\" class=\"twae-story twae-repeater-item twae-story-left twae-story-no-icon\"><!-- Story Label --><div class=\"twae-labels\"><div class=\"twae-label-big\">2022<\/div><\/div><!-- Story Icon --><div class=\"twae-icon\"><i aria-hidden=\"true\" class=\"far fa-clock\"><\/i><\/div><!-- Story Arrow --><div class=\"twae-arrow\"><\/div><!-- Start of Story Content --><div class=\"twae-content\"><!-- Story Title --><div class=\"twae-title\">KNX AWARDS<\/div><!-- Story Image --><div class=\"twae-media large\"><img loading=\"lazy\" decoding=\"async\" width=\"495\" height=\"280\" src=\"https:\/\/elektro-kamleithner.hu\/wp-content\/uploads\/2025\/10\/tortenetunk-010.webp\" class=\"attachment-large size-large\" alt=\"tortenetunk 010\" srcset=\"https:\/\/elektro-kamleithner.hu\/wp-content\/uploads\/2025\/10\/tortenetunk-010.webp 495w, https:\/\/elektro-kamleithner.hu\/wp-content\/uploads\/2025\/10\/tortenetunk-010-18x10.webp 18w\" sizes=\"(max-width: 495px) 100vw, 495px\" \/><\/div><!-- Story Description --><div class=\"twae-description\"><p>A Botaniq Turai Kast\u00e9ly projektet a KNX Nemzetk\u00f6zi Sz\u00f6vets\u00e9g Smart Building kateg\u00f3ri\u00e1ban Eur\u00f3pa legjobb projektjei k\u00f6z\u00e9 jel\u00f6lte - ezzel beker\u00fclt\u00fcnk a KNX Awards d\u00f6nt\u0151sei k\u00f6z\u00e9.<\/p><\/div><\/div><\/div><!-- Start of Story Repeater Content --><div id=\"story-5b83bc0\" class=\"twae-story twae-repeater-item twae-story-right twae-story-no-icon\"><!-- Story Label --><div class=\"twae-labels\"><div class=\"twae-label-big\">2022<\/div><\/div><!-- Story Icon --><div class=\"twae-icon\"><i aria-hidden=\"true\" class=\"far fa-clock\"><\/i><\/div><!-- Story Arrow --><div class=\"twae-arrow\"><\/div><!-- Start of Story Content --><div class=\"twae-content\"><!-- Story Title --><div class=\"twae-title\">EK LOFT<\/div><!-- Story Image --><div class=\"twae-media large\"><img loading=\"lazy\" decoding=\"async\" width=\"495\" height=\"280\" src=\"https:\/\/elektro-kamleithner.hu\/wp-content\/uploads\/2025\/10\/tortenetunk-011.webp\" class=\"attachment-large size-large\" alt=\"tortenetunk 011\" srcset=\"https:\/\/elektro-kamleithner.hu\/wp-content\/uploads\/2025\/10\/tortenetunk-011.webp 495w, https:\/\/elektro-kamleithner.hu\/wp-content\/uploads\/2025\/10\/tortenetunk-011-18x10.webp 18w\" sizes=\"(max-width: 495px) 100vw, 495px\" \/><\/div><!-- Story Description --><div class=\"twae-description\"><p>2022-ben megnyitottuk az EK-Loft bemutat\u00f3- \u00e9s rendezv\u00e9nytermet, amely egy r\u00e9gi malom\u00e9p\u00fcletben kapott helyet, indusztri\u00e1lis st\u00edlusban a legmodernebb technol\u00f3gi\u00e1kkal felszerelve. 2022-t\u0151l energiahat\u00e9konys\u00e1gi fel\u00faj\u00edt\u00e1sok ker\u00fcltek a figyelem k\u00f6z\u00e9ppontj\u00e1ba - ezzel \u00faj ir\u00e1nyt vett tev\u00e9kenys\u00e9g\u00fcnk hangs\u00falya.<\/p><\/div><\/div><\/div><!-- Start of Story Repeater Content --><div id=\"story-977b08b\" class=\"twae-story twae-repeater-item twae-story-left twae-story-no-icon\"><!-- Story Label --><div class=\"twae-labels\"><div class=\"twae-label-big\">2022<\/div><\/div><!-- Story Icon --><div class=\"twae-icon\"><i aria-hidden=\"true\" class=\"far fa-clock\"><\/i><\/div><!-- Story Arrow --><div class=\"twae-arrow\"><\/div><!-- Start of Story Content --><div class=\"twae-content\"><!-- Story Title --><div class=\"twae-title\">K\u00d6Z\u00c9P\u00dcLETEK<\/div><!-- Story Image --><div class=\"twae-media large\"><img loading=\"lazy\" decoding=\"async\" width=\"495\" height=\"280\" src=\"https:\/\/elektro-kamleithner.hu\/wp-content\/uploads\/2025\/10\/tortenetunk-012.webp\" class=\"attachment-large size-large\" alt=\"tortenetunk 012\" srcset=\"https:\/\/elektro-kamleithner.hu\/wp-content\/uploads\/2025\/10\/tortenetunk-012.webp 495w, https:\/\/elektro-kamleithner.hu\/wp-content\/uploads\/2025\/10\/tortenetunk-012-18x10.webp 18w\" sizes=\"(max-width: 495px) 100vw, 495px\" \/><\/div><!-- Story Description --><div class=\"twae-description\"><p>Az Aprajafalva \u00d3voda \u00e9p\u00fcletautomatiz\u00e1l\u00e1si korszer\u0171s\u00edt\u00e9s\u00e9vel intelligens, energiahat\u00e9kony m\u0171k\u00f6d\u00e9st val\u00f3s\u00edtottunk meg, ez a rendszer k\u00f6zel 30% energiamegtakar\u00edt\u00e1st eredm\u00e9nyezett.<\/p><\/div><\/div><\/div><!-- Start of Story Repeater Content --><div id=\"story-784ab78\" class=\"twae-story twae-repeater-item twae-story-right twae-story-no-icon\"><!-- Story Label --><div class=\"twae-labels\"><div class=\"twae-label-big\">2023<\/div><\/div><!-- Story Icon --><div class=\"twae-icon\"><i aria-hidden=\"true\" class=\"far fa-clock\"><\/i><\/div><!-- Story Arrow --><div class=\"twae-arrow\"><\/div><!-- Start of Story Content --><div class=\"twae-content\"><!-- Story Title --><div class=\"twae-title\">GIN-TELLIGENS PARTY<\/div><!-- Story Image --><div class=\"twae-media large\"><img loading=\"lazy\" decoding=\"async\" width=\"495\" height=\"280\" src=\"https:\/\/elektro-kamleithner.hu\/wp-content\/uploads\/2025\/10\/tortenetunk-013.webp\" class=\"attachment-large size-large\" alt=\"tortenetunk 013\" srcset=\"https:\/\/elektro-kamleithner.hu\/wp-content\/uploads\/2025\/10\/tortenetunk-013.webp 495w, https:\/\/elektro-kamleithner.hu\/wp-content\/uploads\/2025\/10\/tortenetunk-013-18x10.webp 18w\" sizes=\"(max-width: 495px) 100vw, 495px\" \/><\/div><!-- Story Description --><div class=\"twae-description\"><p>2023-ban megrendezt\u00fck az els\u0151 GinTelligens Partyt az EK Loftban - mellyel egy \u00faj hagyom\u00e1ny indult el, ezen a partin lehet\u0151s\u00e9get ny\u00fajtunk a vel\u00fcnk kapcsolatban \u00e1ll\u00f3 c\u00e9geknek k\u00f6z\u00f6s besz\u00e9lget\u00e9sekre, networkingre, kapcsolat\u00e9p\u00edt\u00e9sre, mik\u00f6zben pr\u00e9mium italokat k\u00f3stolhatnak \u00e9s finom falatokkal is k\u00edn\u00e1ljuk \u0151ket.<\/p><\/div><\/div><\/div><!-- Start of Story Repeater Content --><div id=\"story-245cd77\" class=\"twae-story twae-repeater-item twae-story-left twae-story-no-icon\"><!-- Story Label --><div class=\"twae-labels\"><div class=\"twae-label-big\">2023<\/div><\/div><!-- Story Icon --><div class=\"twae-icon\"><i aria-hidden=\"true\" class=\"far fa-clock\"><\/i><\/div><!-- Story Arrow --><div class=\"twae-arrow\"><\/div><!-- Start of Story Content --><div class=\"twae-content\"><!-- Story Title --><div class=\"twae-title\">W Budapest Hotel<\/div><!-- Story Image --><div class=\"twae-media large\"><img loading=\"lazy\" decoding=\"async\" width=\"495\" height=\"280\" src=\"https:\/\/elektro-kamleithner.hu\/wp-content\/uploads\/2025\/10\/tortenetunk-014.webp\" class=\"attachment-large size-large\" alt=\"tortenetunk 014\" srcset=\"https:\/\/elektro-kamleithner.hu\/wp-content\/uploads\/2025\/10\/tortenetunk-014.webp 495w, https:\/\/elektro-kamleithner.hu\/wp-content\/uploads\/2025\/10\/tortenetunk-014-18x10.webp 18w\" sizes=\"(max-width: 495px) 100vw, 495px\" \/><\/div><!-- Story Description --><div class=\"twae-description\"><p>A W Budapest Hotelben Magyarorsz\u00e1g egyik legnagyobb KNX rendszer\u00e9t val\u00f3s\u00edtottuk meg - a t\u00f6rt\u00e9nelmi Drechsler-palot\u00e1ban 3000 eszk\u00f6z \u00f6sszehangolt m\u0171k\u00f6d\u00e9se szolg\u00e1lja a vend\u00e9g\u00e9lm\u00e9nyt \u00e9s az energiahat\u00e9konys\u00e1got.<\/p><\/div><\/div><\/div><!-- Start of Story Repeater Content --><div id=\"story-2238249\" class=\"twae-story twae-repeater-item twae-story-right twae-story-no-icon\"><!-- Story Label --><div class=\"twae-labels\"><div class=\"twae-label-big\">2024<\/div><\/div><!-- Story Icon --><div class=\"twae-icon\"><i aria-hidden=\"true\" class=\"far fa-clock\"><\/i><\/div><!-- Story Arrow --><div class=\"twae-arrow\"><\/div><!-- Start of Story Content --><div class=\"twae-content\"><!-- Story Title --><div class=\"twae-title\">RICHTER  GEDEON SZ\u00c9KH\u00c1Z<\/div><!-- Story Image --><div class=\"twae-media large\"><img loading=\"lazy\" decoding=\"async\" width=\"495\" height=\"280\" src=\"https:\/\/elektro-kamleithner.hu\/wp-content\/uploads\/2025\/10\/tortenetunk-015.webp\" class=\"attachment-large size-large\" alt=\"tortenetunk 015\" srcset=\"https:\/\/elektro-kamleithner.hu\/wp-content\/uploads\/2025\/10\/tortenetunk-015.webp 495w, https:\/\/elektro-kamleithner.hu\/wp-content\/uploads\/2025\/10\/tortenetunk-015-18x10.webp 18w\" sizes=\"(max-width: 495px) 100vw, 495px\" \/><\/div><!-- Story Description --><div class=\"twae-description\"><p>2024-ben adt\u00e1k \u00e1t a Richter Gedeon \u00faj Sz\u00e9kh\u00e1z\u00e1t, ahol hozz\u00e1j\u00e1rultunk a fenntarthat\u00f3, energiahat\u00e9kony m\u0171k\u00f6d\u00e9shez. Intelligens vez\u00e9rl\u00e9s, k\u00e9nyelmi \u00e9s k\u00f6rnyezeti szempontok ment\u00e9n.<\/p><\/div><\/div><\/div><!-- Start of Story Repeater Content --><div id=\"story-ada369a\" class=\"twae-story twae-repeater-item twae-story-left twae-story-no-icon\"><!-- Story Label --><div class=\"twae-labels\"><div class=\"twae-label-big\">2024<\/div><\/div><!-- Story Icon --><div class=\"twae-icon\"><i aria-hidden=\"true\" class=\"far fa-clock\"><\/i><\/div><!-- Story Arrow --><div class=\"twae-arrow\"><\/div><!-- Start of Story Content --><div class=\"twae-content\"><!-- Story Title --><div class=\"twae-title\">DUNA\u00daJV\u00c1ROSI EGYETEM<\/div><!-- Story Image --><div class=\"twae-media large\"><img loading=\"lazy\" decoding=\"async\" width=\"495\" height=\"280\" src=\"https:\/\/elektro-kamleithner.hu\/wp-content\/uploads\/2025\/10\/tortenetunk-016.webp\" class=\"attachment-large size-large\" alt=\"tortenetunk 016\" srcset=\"https:\/\/elektro-kamleithner.hu\/wp-content\/uploads\/2025\/10\/tortenetunk-016.webp 495w, https:\/\/elektro-kamleithner.hu\/wp-content\/uploads\/2025\/10\/tortenetunk-016-18x10.webp 18w\" sizes=\"(max-width: 495px) 100vw, 495px\" \/><\/div><!-- Story Description --><div class=\"twae-description\"><p>2024-ben KNX Awards jel\u00f6l\u00e9st kaptunk a Duna\u00fajv\u00e1rosi Egyetem kilenc \u00e9p\u00fclet\u00e9ben megval\u00f3s\u00edtott intelligens, energiahat\u00e9kony rendszer\u00e9rt.<\/p><\/div><\/div><\/div><!-- Start of Story Repeater Content --><div id=\"story-5632c70\" class=\"twae-story twae-repeater-item twae-story-right twae-story-no-icon\"><!-- Story Label --><div class=\"twae-labels\"><div class=\"twae-label-big\">2025 m\u00e1jus 14<\/div><\/div><!-- Story Icon --><div class=\"twae-icon\"><i aria-hidden=\"true\" class=\"far fa-clock\"><\/i><\/div><!-- Story Arrow --><div class=\"twae-arrow\"><\/div><!-- Start of Story Content --><div class=\"twae-content\"><!-- Story Title --><div class=\"twae-title\">25 \u00e9ves lett az Elektro-Kamleithner Kft.<\/div><!-- Story Image --><div class=\"twae-media large\"><img loading=\"lazy\" decoding=\"async\" width=\"495\" height=\"280\" src=\"https:\/\/elektro-kamleithner.hu\/wp-content\/uploads\/2025\/10\/tortenetunk-018.webp\" class=\"attachment-large size-large\" alt=\"tortenetunk 018\" srcset=\"https:\/\/elektro-kamleithner.hu\/wp-content\/uploads\/2025\/10\/tortenetunk-018.webp 495w, https:\/\/elektro-kamleithner.hu\/wp-content\/uploads\/2025\/10\/tortenetunk-018-18x10.webp 18w\" sizes=\"(max-width: 495px) 100vw, 495px\" \/><\/div><!-- Story Description --><div class=\"twae-description\"><p>25+\u00e9v, 700+ projekt. M\u00e1r k\u00f6zel 30 f\u0151s m\u00e9rn\u00f6ki csapat dolgozik azon, hogy az intelligens megold\u00e1sok \u00e9lhet\u0151bb j\u00f6v\u0151t teremtsenek.\u00a0K\u00f6sz\u00f6nj\u00fck, hogy vel\u00fcnk \u00fcnnepeltetek!<\/p><\/div><\/div><\/div><!-- Start of Story Repeater Content --><div id=\"story-be57033\" class=\"twae-story twae-repeater-item twae-story-left twae-story-no-icon\"><!-- Story Label --><div class=\"twae-labels\"><div class=\"twae-label-big\">2026<\/div><\/div><!-- Story Icon --><div class=\"twae-icon\"><i aria-hidden=\"true\" class=\"far fa-clock\"><\/i><\/div><!-- Story Arrow --><div class=\"twae-arrow\"><\/div><!-- Start of Story Content --><div class=\"twae-content\"><!-- Story Title --><div class=\"twae-title\">St. Regis Hotel<\/div><!-- Story Image --><div class=\"twae-media large\"><img loading=\"lazy\" decoding=\"async\" width=\"495\" height=\"280\" src=\"https:\/\/elektro-kamleithner.hu\/wp-content\/uploads\/2025\/10\/tortenetunk-017.webp\" class=\"attachment-large size-large\" alt=\"tortenetunk 017\" srcset=\"https:\/\/elektro-kamleithner.hu\/wp-content\/uploads\/2025\/10\/tortenetunk-017.webp 495w, https:\/\/elektro-kamleithner.hu\/wp-content\/uploads\/2025\/10\/tortenetunk-017-18x10.webp 18w\" sizes=\"(max-width: 495px) 100vw, 495px\" \/><\/div><!-- Story Description --><div class=\"twae-description\"><p>2026-ban elk\u00e9sz\u00fclt projekt\u00fcnk, a St. Regis Hotel a Klotild Palot\u00e1ban, ahol az intelligens vez\u00e9rl\u00e9s t\u00f6rt\u00e9nelmi k\u00f6rnyezetben val\u00f3sul meg, m\u0171eml\u00e9kv\u00e9delemhez igaz\u00edtott modern technol\u00f3gi\u00e1val.<\/p><\/div><\/div><\/div><\/div>\n    <div class=\"twae-end\"><\/div>\n    <\/div><style type=\"text\/css\">@media (max-width: 1024px){ .twae-wrapper{--tw-ybx-size: 80px !important;}}@media (max-width: 767px){ .twae-wrapper{--tw-ybx-size: 80px !important}}<\/style>\t\t\t\t<\/div>\n\t\t\t\t<\/div>\n\t\t\t\t\t<\/div>\n\t\t\t\t<\/div>\n\t\t\t\t<\/div>","protected":false},"excerpt":{"rendered":"<p>25 \u00c9VE AZ \u00c9P\u00dcLETAUTOMATIZ\u00c1L\u00c1S \u00c9LVONAL\u00c1BANInnov\u00e1ci\u00f3val, szak\u00e9rtelemmel \u00e9smegb\u00edzhat\u00f3s\u00e1ggal. 1996KEZDETEK Balogh Zolt\u00e1n els\u0151 l\u00e9p\u00e9se az \u00e9p\u00fcletautomatiz\u00e1l\u00e1s vil\u00e1g\u00e1ban egy korszakot ind\u00edtott el. KNX [&hellip;]<\/p>\n","protected":false},"author":1,"featured_media":0,"parent":1088,"menu_order":0,"comment_status":"closed","ping_status":"closed","template":"","meta":{"_acf_changed":false,"site-sidebar-layout":"no-sidebar","site-content-layout":"","ast-site-content-layout":"full-width-container","site-content-style":"default","site-sidebar-style":"default","ast-global-header-display":"","ast-banner-title-visibility":"","ast-main-header-display":"","ast-hfb-above-header-display":"","ast-hfb-below-header-display":"","ast-hfb-mobile-header-display":"","site-post-title":"","ast-breadcrumbs-content":"","ast-featured-img":"disabled","footer-sml-layout":"","ast-disable-related-posts":"","theme-transparent-header-meta":"default","adv-header-id-meta":"","stick-header-meta":"","header-above-stick-meta":"","header-main-stick-meta":"","header-below-stick-meta":"","astra-migrate-meta-layouts":"set","ast-page-background-enabled":"default","ast-page-background-meta":{"desktop":{"background-color":"var(--ast-global-color-4)","background-image":"","background-repeat":"repeat","background-position":"center center","background-size":"auto","background-attachment":"scroll","background-type":"","background-media":"","overlay-type":"","overlay-color":"","overlay-opacity":"","overlay-gradient":""},"tablet":{"background-color":"","background-image":"","background-repeat":"repeat","background-position":"center center","background-size":"auto","background-attachment":"scroll","background-type":"","background-media":"","overlay-type":"","overlay-color":"","overlay-opacity":"","overlay-gradient":""},"mobile":{"background-color":"","background-image":"","background-repeat":"repeat","background-position":"center center","background-size":"auto","background-attachment":"scroll","background-type":"","background-media":"","overlay-type":"","overlay-color":"","overlay-opacity":"","overlay-gradient":""}},"ast-content-background-meta":{"desktop":{"background-color":"var(--ast-global-color-5)","background-image":"","background-repeat":"repeat","background-position":"center center","background-size":"auto","background-attachment":"scroll","background-type":"","background-media":"","overlay-type":"","overlay-color":"","overlay-opacity":"","overlay-gradient":""},"tablet":{"background-color":"var(--ast-global-color-5)","background-image":"","background-repeat":"repeat","background-position":"center center","background-size":"auto","background-attachment":"scroll","background-type":"","background-media":"","overlay-type":"","overlay-color":"","overlay-opacity":"","overlay-gradient":""},"mobile":{"background-color":"var(--ast-global-color-5)","background-image":"","background-repeat":"repeat","background-position":"center center","background-size":"auto","background-attachment":"scroll","background-type":"","background-media":"","overlay-type":"","overlay-color":"","overlay-opacity":"","overlay-gradient":""}},"footnotes":""},"class_list":["post-1303","page","type-page","status-publish","hentry"],"acf":[],"yoast_head":"<!-- This site is optimized with the Yoast SEO plugin v28.3 - https:\/\/yoast.com\/product\/yoast-seo-wordpress\/ -->\n<title>T\u00f6rt\u00e9net\u00fcnk - Elektro Kamleithner<\/title>\n<meta name=\"robots\" content=\"index, follow, max-snippet:-1, max-image-preview:large, max-video-preview:-1\" \/>\n<link rel=\"canonical\" href=\"https:\/\/elektro-kamleithner.hu\/en\/rolunk\/tortenetunk\/\" \/>\n<meta property=\"og:locale\" content=\"en_GB\" \/>\n<meta property=\"og:type\" content=\"article\" \/>\n<meta property=\"og:title\" content=\"T\u00f6rt\u00e9net\u00fcnk - Elektro Kamleithner\" \/>\n<meta property=\"og:description\" content=\"25 \u00c9VE AZ \u00c9P\u00dcLETAUTOMATIZ\u00c1L\u00c1S \u00c9LVONAL\u00c1BANInnov\u00e1ci\u00f3val, szak\u00e9rtelemmel \u00e9smegb\u00edzhat\u00f3s\u00e1ggal. 1996KEZDETEK Balogh Zolt\u00e1n els\u0151 l\u00e9p\u00e9se az \u00e9p\u00fcletautomatiz\u00e1l\u00e1s vil\u00e1g\u00e1ban egy korszakot ind\u00edtott el. KNX [&hellip;]\" \/>\n<meta property=\"og:url\" content=\"https:\/\/elektro-kamleithner.hu\/en\/rolunk\/tortenetunk\/\" \/>\n<meta property=\"og:site_name\" content=\"Elektro Kamleithner\" \/>\n<meta property=\"article:publisher\" content=\"https:\/\/www.facebook.com\/ElektroKamleithnerKft\/\" \/>\n<meta property=\"article:modified_time\" content=\"2026-05-04T15:16:18+00:00\" \/>\n<meta property=\"og:image\" content=\"https:\/\/elektro-kamleithner.hu\/wp-content\/uploads\/2025\/10\/tortenetunk-001.webp\" \/>\n<meta name=\"twitter:card\" content=\"summary_large_image\" \/>\n<meta name=\"twitter:label1\" content=\"Estimated reading time\" \/>\n\t<meta name=\"twitter:data1\" content=\"7 minutes\" \/>\n<script type=\"application\/ld+json\" class=\"yoast-schema-graph\">{\"@context\":\"https:\\\/\\\/schema.org\",\"@graph\":[{\"@type\":\"WebPage\",\"@id\":\"https:\\\/\\\/elektro-kamleithner.hu\\\/rolunk\\\/tortenetunk\\\/\",\"url\":\"https:\\\/\\\/elektro-kamleithner.hu\\\/rolunk\\\/tortenetunk\\\/\",\"name\":\"T\u00f6rt\u00e9net\u00fcnk - Elektro Kamleithner\",\"isPartOf\":{\"@id\":\"https:\\\/\\\/elektro-kamleithner.hu\\\/#website\"},\"primaryImageOfPage\":{\"@id\":\"https:\\\/\\\/elektro-kamleithner.hu\\\/rolunk\\\/tortenetunk\\\/#primaryimage\"},\"image\":{\"@id\":\"https:\\\/\\\/elektro-kamleithner.hu\\\/rolunk\\\/tortenetunk\\\/#primaryimage\"},\"thumbnailUrl\":\"https:\\\/\\\/elektro-kamleithner.hu\\\/wp-content\\\/uploads\\\/2025\\\/10\\\/tortenetunk-001.webp\",\"datePublished\":\"2025-09-09T17:20:15+00:00\",\"dateModified\":\"2026-05-04T15:16:18+00:00\",\"breadcrumb\":{\"@id\":\"https:\\\/\\\/elektro-kamleithner.hu\\\/rolunk\\\/tortenetunk\\\/#breadcrumb\"},\"inLanguage\":\"en-GB\",\"potentialAction\":[{\"@type\":\"ReadAction\",\"target\":[\"https:\\\/\\\/elektro-kamleithner.hu\\\/rolunk\\\/tortenetunk\\\/\"]}]},{\"@type\":\"ImageObject\",\"inLanguage\":\"en-GB\",\"@id\":\"https:\\\/\\\/elektro-kamleithner.hu\\\/rolunk\\\/tortenetunk\\\/#primaryimage\",\"url\":\"https:\\\/\\\/elektro-kamleithner.hu\\\/wp-content\\\/uploads\\\/2025\\\/10\\\/tortenetunk-001.webp\",\"contentUrl\":\"https:\\\/\\\/elektro-kamleithner.hu\\\/wp-content\\\/uploads\\\/2025\\\/10\\\/tortenetunk-001.webp\"},{\"@type\":\"BreadcrumbList\",\"@id\":\"https:\\\/\\\/elektro-kamleithner.hu\\\/rolunk\\\/tortenetunk\\\/#breadcrumb\",\"itemListElement\":[{\"@type\":\"ListItem\",\"position\":1,\"name\":\"Kezd\u0151lap\",\"item\":\"https:\\\/\\\/elektro-kamleithner.hu\\\/\"},{\"@type\":\"ListItem\",\"position\":2,\"name\":\"R\u00f3lunk\",\"item\":\"https:\\\/\\\/elektro-kamleithner.hu\\\/rolunk\\\/\"},{\"@type\":\"ListItem\",\"position\":3,\"name\":\"T\u00f6rt\u00e9net\u00fcnk\"}]},{\"@type\":\"WebSite\",\"@id\":\"https:\\\/\\\/elektro-kamleithner.hu\\\/#website\",\"url\":\"https:\\\/\\\/elektro-kamleithner.hu\\\/\",\"name\":\"Elektro Kamleithner\",\"description\":\"Elektro Kamleithner\",\"publisher\":{\"@id\":\"https:\\\/\\\/elektro-kamleithner.hu\\\/#organization\"},\"potentialAction\":[{\"@type\":\"SearchAction\",\"target\":{\"@type\":\"EntryPoint\",\"urlTemplate\":\"https:\\\/\\\/elektro-kamleithner.hu\\\/?s={search_term_string}\"},\"query-input\":{\"@type\":\"PropertyValueSpecification\",\"valueRequired\":true,\"valueName\":\"search_term_string\"}}],\"inLanguage\":\"en-GB\"},{\"@type\":\"Organization\",\"@id\":\"https:\\\/\\\/elektro-kamleithner.hu\\\/#organization\",\"name\":\"Elektro Kamleithner\",\"url\":\"https:\\\/\\\/elektro-kamleithner.hu\\\/\",\"logo\":{\"@type\":\"ImageObject\",\"inLanguage\":\"en-GB\",\"@id\":\"https:\\\/\\\/elektro-kamleithner.hu\\\/#\\\/schema\\\/logo\\\/image\\\/\",\"url\":\"https:\\\/\\\/elektro-kamleithner.hu\\\/wp-content\\\/uploads\\\/2024\\\/09\\\/elektro-white-001.svg\",\"contentUrl\":\"https:\\\/\\\/elektro-kamleithner.hu\\\/wp-content\\\/uploads\\\/2024\\\/09\\\/elektro-white-001.svg\",\"width\":382,\"height\":131,\"caption\":\"Elektro Kamleithner\"},\"image\":{\"@id\":\"https:\\\/\\\/elektro-kamleithner.hu\\\/#\\\/schema\\\/logo\\\/image\\\/\"},\"sameAs\":[\"https:\\\/\\\/www.facebook.com\\\/ElektroKamleithnerKft\\\/\",\"https:\\\/\\\/www.youtube.com\\\/channel\\\/UCdDdwY5NIU2nmN9MjvqnFqg\",\"https:\\\/\\\/www.instagram.com\\\/berker.hu\\\/\"]}]}<\/script>\n<!-- \/ Yoast SEO plugin. -->","yoast_head_json":{"title":"T\u00f6rt\u00e9net\u00fcnk - Elektro Kamleithner","robots":{"index":"index","follow":"follow","max-snippet":"max-snippet:-1","max-image-preview":"max-image-preview:large","max-video-preview":"max-video-preview:-1"},"canonical":"https:\/\/elektro-kamleithner.hu\/en\/rolunk\/tortenetunk\/","og_locale":"en_GB","og_type":"article","og_title":"T\u00f6rt\u00e9net\u00fcnk - Elektro Kamleithner","og_description":"25 \u00c9VE AZ \u00c9P\u00dcLETAUTOMATIZ\u00c1L\u00c1S \u00c9LVONAL\u00c1BANInnov\u00e1ci\u00f3val, szak\u00e9rtelemmel \u00e9smegb\u00edzhat\u00f3s\u00e1ggal. 1996KEZDETEK Balogh Zolt\u00e1n els\u0151 l\u00e9p\u00e9se az \u00e9p\u00fcletautomatiz\u00e1l\u00e1s vil\u00e1g\u00e1ban egy korszakot ind\u00edtott el. KNX [&hellip;]","og_url":"https:\/\/elektro-kamleithner.hu\/en\/rolunk\/tortenetunk\/","og_site_name":"Elektro Kamleithner","article_publisher":"https:\/\/www.facebook.com\/ElektroKamleithnerKft\/","article_modified_time":"2026-05-04T15:16:18+00:00","og_image":[{"url":"https:\/\/elektro-kamleithner.hu\/wp-content\/uploads\/2025\/10\/tortenetunk-001.webp","type":"","width":"","height":""}],"twitter_card":"summary_large_image","twitter_misc":{"Estimated reading time":"7 minutes"},"schema":{"@context":"https:\/\/schema.org","@graph":[{"@type":"WebPage","@id":"https:\/\/elektro-kamleithner.hu\/rolunk\/tortenetunk\/","url":"https:\/\/elektro-kamleithner.hu\/rolunk\/tortenetunk\/","name":"T\u00f6rt\u00e9net\u00fcnk - Elektro Kamleithner","isPartOf":{"@id":"https:\/\/elektro-kamleithner.hu\/#website"},"primaryImageOfPage":{"@id":"https:\/\/elektro-kamleithner.hu\/rolunk\/tortenetunk\/#primaryimage"},"image":{"@id":"https:\/\/elektro-kamleithner.hu\/rolunk\/tortenetunk\/#primaryimage"},"thumbnailUrl":"https:\/\/elektro-kamleithner.hu\/wp-content\/uploads\/2025\/10\/tortenetunk-001.webp","datePublished":"2025-09-09T17:20:15+00:00","dateModified":"2026-05-04T15:16:18+00:00","breadcrumb":{"@id":"https:\/\/elektro-kamleithner.hu\/rolunk\/tortenetunk\/#breadcrumb"},"inLanguage":"en-GB","potentialAction":[{"@type":"ReadAction","target":["https:\/\/elektro-kamleithner.hu\/rolunk\/tortenetunk\/"]}]},{"@type":"ImageObject","inLanguage":"en-GB","@id":"https:\/\/elektro-kamleithner.hu\/rolunk\/tortenetunk\/#primaryimage","url":"https:\/\/elektro-kamleithner.hu\/wp-content\/uploads\/2025\/10\/tortenetunk-001.webp","contentUrl":"https:\/\/elektro-kamleithner.hu\/wp-content\/uploads\/2025\/10\/tortenetunk-001.webp"},{"@type":"BreadcrumbList","@id":"https:\/\/elektro-kamleithner.hu\/rolunk\/tortenetunk\/#breadcrumb","itemListElement":[{"@type":"ListItem","position":1,"name":"Kezd\u0151lap","item":"https:\/\/elektro-kamleithner.hu\/"},{"@type":"ListItem","position":2,"name":"R\u00f3lunk","item":"https:\/\/elektro-kamleithner.hu\/rolunk\/"},{"@type":"ListItem","position":3,"name":"T\u00f6rt\u00e9net\u00fcnk"}]},{"@type":"WebSite","@id":"https:\/\/elektro-kamleithner.hu\/#website","url":"https:\/\/elektro-kamleithner.hu\/","name":"Elektro Kamleithner","description":"Elektro Kamleithner","publisher":{"@id":"https:\/\/elektro-kamleithner.hu\/#organization"},"potentialAction":[{"@type":"SearchAction","target":{"@type":"EntryPoint","urlTemplate":"https:\/\/elektro-kamleithner.hu\/?s={search_term_string}"},"query-input":{"@type":"PropertyValueSpecification","valueRequired":true,"valueName":"search_term_string"}}],"inLanguage":"en-GB"},{"@type":"Organization","@id":"https:\/\/elektro-kamleithner.hu\/#organization","name":"Elektro Kamleithner","url":"https:\/\/elektro-kamleithner.hu\/","logo":{"@type":"ImageObject","inLanguage":"en-GB","@id":"https:\/\/elektro-kamleithner.hu\/#\/schema\/logo\/image\/","url":"https:\/\/elektro-kamleithner.hu\/wp-content\/uploads\/2024\/09\/elektro-white-001.svg","contentUrl":"https:\/\/elektro-kamleithner.hu\/wp-content\/uploads\/2024\/09\/elektro-white-001.svg","width":382,"height":131,"caption":"Elektro Kamleithner"},"image":{"@id":"https:\/\/elektro-kamleithner.hu\/#\/schema\/logo\/image\/"},"sameAs":["https:\/\/www.facebook.com\/ElektroKamleithnerKft\/","https:\/\/www.youtube.com\/channel\/UCdDdwY5NIU2nmN9MjvqnFqg","https:\/\/www.instagram.com\/berker.hu\/"]}]}},"_links":{"self":[{"href":"https:\/\/elektro-kamleithner.hu\/en\/wp-json\/wp\/v2\/pages\/1303","targetHints":{"allow":["GET"]}}],"collection":[{"href":"https:\/\/elektro-kamleithner.hu\/en\/wp-json\/wp\/v2\/pages"}],"about":[{"href":"https:\/\/elektro-kamleithner.hu\/en\/wp-json\/wp\/v2\/types\/page"}],"author":[{"embeddable":true,"href":"https:\/\/elektro-kamleithner.hu\/en\/wp-json\/wp\/v2\/users\/1"}],"replies":[{"embeddable":true,"href":"https:\/\/elektro-kamleithner.hu\/en\/wp-json\/wp\/v2\/comments?post=1303"}],"version-history":[{"count":40,"href":"https:\/\/elektro-kamleithner.hu\/en\/wp-json\/wp\/v2\/pages\/1303\/revisions"}],"predecessor-version":[{"id":9925,"href":"https:\/\/elektro-kamleithner.hu\/en\/wp-json\/wp\/v2\/pages\/1303\/revisions\/9925"}],"up":[{"embeddable":true,"href":"https:\/\/elektro-kamleithner.hu\/en\/wp-json\/wp\/v2\/pages\/1088"}],"wp:attachment":[{"href":"https:\/\/elektro-kamleithner.hu\/en\/wp-json\/wp\/v2\/media?parent=1303"}],"curies":[{"name":"wp","href":"https:\/\/api.w.org\/{rel}","templated":true}]}}